{"id":70,"date":"2024-04-01T10:06:47","date_gmt":"2024-04-01T08:06:47","guid":{"rendered":"https:\/\/msc-werlte.de\/?page_id=70"},"modified":"2026-03-11T17:50:07","modified_gmt":"2026-03-11T16:50:07","slug":"allgemeine-infos","status":"publish","type":"page","link":"https:\/\/msc-werlte.de\/index.php\/adac-weser-ems-bahnsport-nachwuchs-cup\/allgemeine-infos\/","title":{"rendered":"Allgemeine Infos"},"content":{"rendered":"<p style=\"text-align: center;\"><span style=\"font-size: 20px;\">Der n\u00e4chste ADAC Weser Ems Bahnsport Nachwuchs Cup findet am <\/span><\/p>\n<p>&nbsp;<\/p>\n<p style=\"text-align: center;\"><span style=\"font-size: 20px;\"><strong>Samstag, 14. M\u00e4rz 2026 <\/strong><\/span><\/p>\n<p>&nbsp;<\/p>\n<p style=\"text-align: center;\"><span style=\"font-size: 20px;\">in der H\u00fcmmlingring- Arena in Werlte, Rastdorfer Stra\u00dfe, statt.<\/span><\/p>\n<p style=\"text-align: center;\"><span style=\"font-size: 20px;\">Wir freuen uns auf euch!<\/span><\/p>\n<p style=\"text-align: center;\"><span style=\"font-size: 20px;\">\u00a0<\/span><\/p>\n<p><span style=\"text-decoration: underline;\"><strong>Ausschreibung f\u00fcr den ADAC Weser Ems Bahnsport Nachwuchs Cup klicke hier:<\/strong><\/span><\/p>\n<p><a href=\"https:\/\/msc-werlte.de\/wp-content\/uploads\/2026\/02\/Ausschreibung_adac-cup2026.pdf\" target=\"_blank\" rel=\"noopener\">https:\/\/msc-werlte.de\/wp-content\/uploads\/2026\/02\/Ausschreibung_adac-cup2026.pdf<\/a><\/p>\n<p>&nbsp;<\/p>\n<p><span style=\"text-decoration: underline;\"><strong>Zeitplan:<\/strong><\/span><\/p>\n<p><a href=\"https:\/\/msc-werlte.de\/wp-content\/uploads\/2026\/02\/Zeitplan-ADAC-Cup-2026.pdf\" target=\"_blank\" rel=\"noopener\">https:\/\/msc-werlte.de\/wp-content\/uploads\/2026\/02\/Zeitplan-ADAC-Cup-2026.pdf<\/a><\/p>\n<p>&nbsp;<\/p>\n<p><span style=\"text-decoration: underline;\"><strong>Nennungen gibt es hier:<\/strong><\/span><\/p>\n<p><a href=\"https:\/\/msc-werlte.de\/wp-content\/uploads\/2026\/02\/NennungBahnsportClubsport2026.pdf\" target=\"_blank\" rel=\"noopener\">https:\/\/msc-werlte.de\/wp-content\/uploads\/2026\/02\/NennungBahnsportClubsport2026.pdf<\/a><\/p>\n<p>&nbsp;<\/p>\n<p>&nbsp;<\/p>\n<p><span style=\"text-decoration: underline; font-size: 20px;\"><strong>Fahrerfelder ADAC Weser Ems Bahnsport Nachwuchs Cup 2026:<\/strong><\/span><\/p>\n<p><strong>Juniorklasse A &#8211; PW 50<\/strong><\/p>\n<table style=\"border-collapse: collapse; width: 38.1434%; height: 385px;\">\n<tbody>\n<tr>\n<td style=\"width: 100%;\">1 Emiliio Valentino Jergler<\/td>\n<\/tr>\n<tr>\n<td style=\"width: 100%;\">2 Felix M\u00fcller<\/td>\n<\/tr>\n<tr>\n<td style=\"width: 100%;\">3 Max Anderlik<\/td>\n<\/tr>\n<tr>\n<td style=\"width: 100%;\">4 Rune Schmiege<\/td>\n<\/tr>\n<tr>\n<td style=\"width: 100%;\">8 Ben Finley Neubecker<\/td>\n<\/tr>\n<tr>\n<td style=\"width: 100%;\">9 Lisa-Marie B\u00f6hm<\/td>\n<\/tr>\n<tr>\n<td style=\"width: 100%;\">10 Joline Schulz<\/td>\n<\/tr>\n<tr>\n<td style=\"width: 100%;\">12 Kim Klage<\/td>\n<\/tr>\n<tr>\n<td style=\"width: 100%;\"><\/td>\n<\/tr>\n<tr>\n<td style=\"width: 100%;\"><\/td>\n<\/tr>\n<tr>\n<td style=\"width: 100%;\"><\/td>\n<\/tr>\n<\/tbody>\n<\/table>\n<p>&nbsp;<\/p>\n<p><span style=\"text-decoration: underline;\"><strong>Juniorklasse A<\/strong> <\/span><\/p>\n<table style=\"border-collapse: collapse; width: 41.7143%; height: 233px;\">\n<tbody>\n<tr>\n<td style=\"width: 100%;\">1 Arthur Sch\u00fctze<\/td>\n<\/tr>\n<tr>\n<td style=\"width: 100%;\">2 Herko Habben<\/td>\n<\/tr>\n<tr>\n<td style=\"width: 100%;\">3 Vincent Weber<\/td>\n<\/tr>\n<tr>\n<td style=\"width: 100%;\">4 Julian Bockmeyer<\/td>\n<\/tr>\n<tr>\n<td style=\"width: 100%;\">5 Tjark Alexander Romenko<\/td>\n<\/tr>\n<tr>\n<td style=\"width: 100%;\">6 Till Heithaus<\/td>\n<\/tr>\n<tr>\n<td style=\"width: 100%;\">7 Silvano Born<\/td>\n<\/tr>\n<tr>\n<td style=\"width: 100%;\">8 Noah Krieger<\/td>\n<\/tr>\n<tr>\n<td style=\"width: 100%;\">9 Justus Bruns<\/td>\n<\/tr>\n<tr>\n<td style=\"width: 100%;\">10 Ludwig Macke<\/td>\n<\/tr>\n<tr>\n<td style=\"width: 100%;\">13 Linus K\u00f6ster<\/td>\n<\/tr>\n<tr>\n<td style=\"width: 100%;\">36 Max Lacher<\/td>\n<\/tr>\n<tr>\n<td style=\"width: 100%;\">62 Lene Heithaus<\/td>\n<\/tr>\n<\/tbody>\n<\/table>\n<p>&nbsp;<\/p>\n<p><span style=\"text-decoration: underline;\"><strong>Juniorklasse B<\/strong> <\/span><\/p>\n<table style=\"border-collapse: collapse; width: 39.8571%; height: 222px;\">\n<tbody>\n<tr>\n<td style=\"width: 100%;\">31 Elyas Dirksen<\/td>\n<\/tr>\n<tr>\n<td style=\"width: 100%;\">33 Tom Knese<\/td>\n<\/tr>\n<tr>\n<td style=\"width: 100%;\">34 Luca Dammeier<\/td>\n<\/tr>\n<tr>\n<td style=\"width: 100%;\">35 Ben Knese<\/td>\n<\/tr>\n<tr>\n<td style=\"width: 100%;\">37 Rick van der Steen<\/td>\n<\/tr>\n<tr>\n<td style=\"width: 100%;\">39 Ravi Nijenhuis<\/td>\n<\/tr>\n<\/tbody>\n<\/table>\n<p>&nbsp;<\/p>\n<p><span style=\"text-decoration: underline;\"><strong>Juniorklasse C\/D<\/strong><\/span><\/p>\n<table style=\"border-collapse: collapse; width: 45.7143%;\">\n<tbody>\n<tr>\n<td style=\"width: 100%;\">5 Lenja Tebbe (Jun. C)<\/td>\n<\/tr>\n<tr>\n<td style=\"width: 100%;\">11 Jan Oeltjenbruns (Jun. C)<\/td>\n<\/tr>\n<tr>\n<td style=\"width: 100%;\">12 Bruno Preibisch (Jun. C)<\/td>\n<\/tr>\n<tr>\n<td style=\"width: 100%;\"><\/td>\n<\/tr>\n<tr>\n<td style=\"width: 100%;\"><\/td>\n<\/tr>\n<tr>\n<td style=\"width: 100%;\">Levi Fittkau (Jun. D &#8211; 500R)<\/td>\n<\/tr>\n<tr>\n<td style=\"width: 100%;\">Fiete Marquardt (Jun. D &#8211; 500R)<\/td>\n<\/tr>\n<tr>\n<td style=\"width: 100%;\">Andr\u00e9 Damian (Jun. D- 500 R)<\/td>\n<\/tr>\n<\/tbody>\n<\/table>\n<p>&nbsp;<\/p>\n<p><span style=\"font-size: 16px;\"><strong>TOP 500<\/strong><\/span><\/p>\n<table style=\"border-collapse: collapse; width: 37.7143%; height: 65px;\">\n<tbody>\n<tr>\n<td style=\"width: 100%;\">Niklas Schmidt<\/td>\n<\/tr>\n<tr>\n<td style=\"width: 100%;\"><\/td>\n<\/tr>\n<\/tbody>\n<\/table>\n<p>&nbsp;<\/p>\n<p><strong><span style=\"font-size: 16px;\">Speedway U21<\/span><\/strong><\/p>\n<table style=\"border-collapse: collapse; width: 40.8571%; height: 160px;\">\n<tbody>\n<tr>\n<td style=\"width: 99.8572%;\" width=\"166\">Tim Lumpitzsch<\/td>\n<\/tr>\n<tr>\n<td style=\"width: 99.8572%;\">Thies Schweer<\/td>\n<\/tr>\n<tr>\n<td style=\"width: 99.8572%;\">Carl Wynant<\/td>\n<\/tr>\n<tr>\n<td style=\"width: 99.8572%;\"><\/td>\n<\/tr>\n<tr>\n<td style=\"width: 99.8572%;\"><\/td>\n<\/tr>\n<\/tbody>\n<\/table>\n<div class=\"shariff\" data-services=\"facebook\" data-url=\"https:\/\/msc-werlte.de\/index.php\/adac-weser-ems-bahnsport-nachwuchs-cup\/allgemeine-infos\/\" data-timestamp=\"1773251407\" data-backendurl=\"https:\/\/msc-werlte.de\/wp-json\/shariff\/v1\/share_counts?\"><ul class=\"shariff-buttons theme-default orientation-horizontal buttonsize-medium\"><li class=\"shariff-button facebook shariff-nocustomcolor\" style=\"background-color:#4273c8\"><a href=\"https:\/\/www.facebook.com\/sharer\/sharer.php?u=https%3A%2F%2Fmsc-werlte.de%2Findex.php%2Fadac-weser-ems-bahnsport-nachwuchs-cup%2Fallgemeine-infos%2F\" title=\"Bei Facebook teilen\" aria-label=\"Bei Facebook teilen\" role=\"button\" rel=\"nofollow\" class=\"shariff-link\" style=\"; background-color:#3b5998; color:#fff\" target=\"_blank\"><span class=\"shariff-icon\" style=\"\"><svg width=\"32px\" height=\"20px\" xmlns=\"http:\/\/www.w3.org\/2000\/svg\" viewBox=\"0 0 18 32\"><path fill=\"#3b5998\" d=\"M17.1 0.2v4.7h-2.8q-1.5 0-2.1 0.6t-0.5 1.9v3.4h5.2l-0.7 5.3h-4.5v13.6h-5.5v-13.6h-4.5v-5.3h4.5v-3.9q0-3.3 1.9-5.2t5-1.8q2.6 0 4.1 0.2z\"\/><\/svg><\/span><span class=\"shariff-text\">teilen<\/span>&nbsp;<span data-service=\"facebook\" style=\"color:#3b5998\" class=\"shariff-count shariff-hidezero\"><\/span>&nbsp;<\/a><\/li><\/ul><\/div>","protected":false},"excerpt":{"rendered":"<p>Der n\u00e4chste ADAC Weser Ems Bahnsport Nachwuchs Cup findet am &nbsp; Samstag, 14. M\u00e4rz 2026 &nbsp; in der H\u00fcmmlingring- Arena in Werlte, Rastdorfer Stra\u00dfe, statt. Wir freuen uns auf euch! \u00a0 Ausschreibung f\u00fcr den ADAC Weser Ems Bahnsport Nachwuchs Cup klicke hier: https:\/\/msc-werlte.de\/wp-content\/uploads\/2026\/02\/Ausschreibung_adac-cup2026.pdf &nbsp; Zeitplan: https:\/\/msc-werlte.de\/wp-content\/uploads\/2026\/02\/Zeitplan-ADAC-Cup-2026.pdf &nbsp; Nennungen gibt es hier: https:\/\/msc-werlte.de\/wp-content\/uploads\/2026\/02\/NennungBahnsportClubsport2026.pdf &nbsp; &nbsp; Fahrerfelder ADAC Weser Ems Bahnsport Nachwuchs [&hellip;]<\/p>\n","protected":false},"author":1,"featured_media":0,"parent":66,"menu_order":0,"comment_status":"closed","ping_status":"closed","template":"","meta":{"footnotes":""},"class_list":["post-70","page","type-page","status-publish","hentry"],"yoast_head":"<!-- This site is optimized with the Yoast SEO plugin v27.5 - https:\/\/yoast.com\/product\/yoast-seo-wordpress\/ -->\n<title>Allgemeine Infos - MSC H\u00fcmmling Werlte<\/title>\n<meta name=\"robots\" content=\"index, follow, max-snippet:-1, max-image-preview:large, max-video-preview:-1\" \/>\n<link rel=\"canonical\" href=\"https:\/\/msc-werlte.de\/index.php\/adac-weser-ems-bahnsport-nachwuchs-cup\/allgemeine-infos\/\" \/>\n<meta property=\"og:locale\" content=\"de_DE\" \/>\n<meta property=\"og:type\" content=\"article\" \/>\n<meta property=\"og:title\" content=\"Allgemeine Infos - MSC H\u00fcmmling Werlte\" \/>\n<meta property=\"og:description\" content=\"Der n\u00e4chste ADAC Weser Ems Bahnsport Nachwuchs Cup findet am &nbsp; Samstag, 14. M\u00e4rz 2026 &nbsp; in der H\u00fcmmlingring- Arena in Werlte, Rastdorfer Stra\u00dfe, statt. Wir freuen uns auf euch! \u00a0 Ausschreibung f\u00fcr den ADAC Weser Ems Bahnsport Nachwuchs Cup klicke hier: https:\/\/msc-werlte.de\/wp-content\/uploads\/2026\/02\/Ausschreibung_adac-cup2026.pdf &nbsp; Zeitplan: https:\/\/msc-werlte.de\/wp-content\/uploads\/2026\/02\/Zeitplan-ADAC-Cup-2026.pdf &nbsp; Nennungen gibt es hier: https:\/\/msc-werlte.de\/wp-content\/uploads\/2026\/02\/NennungBahnsportClubsport2026.pdf &nbsp; &nbsp; Fahrerfelder ADAC Weser Ems Bahnsport Nachwuchs [&hellip;]\" \/>\n<meta property=\"og:url\" content=\"https:\/\/msc-werlte.de\/index.php\/adac-weser-ems-bahnsport-nachwuchs-cup\/allgemeine-infos\/\" \/>\n<meta property=\"og:site_name\" content=\"MSC H\u00fcmmling Werlte\" \/>\n<meta property=\"article:publisher\" content=\"https:\/\/www.facebook.com\/MscHummlingWerlteEvImAdac\" \/>\n<meta property=\"article:modified_time\" content=\"2026-03-11T16:50:07+00:00\" \/>\n<meta name=\"twitter:card\" content=\"summary_large_image\" \/>\n<meta name=\"twitter:label1\" content=\"Gesch\u00e4tzte Lesezeit\" \/>\n\t<meta name=\"twitter:data1\" content=\"2\u00a0Minuten\" \/>\n<script type=\"application\/ld+json\" class=\"yoast-schema-graph\">{\"@context\":\"https:\\\/\\\/schema.org\",\"@graph\":[{\"@type\":\"WebPage\",\"@id\":\"https:\\\/\\\/msc-werlte.de\\\/index.php\\\/adac-weser-ems-bahnsport-nachwuchs-cup\\\/allgemeine-infos\\\/\",\"url\":\"https:\\\/\\\/msc-werlte.de\\\/index.php\\\/adac-weser-ems-bahnsport-nachwuchs-cup\\\/allgemeine-infos\\\/\",\"name\":\"Allgemeine Infos - MSC H\u00fcmmling Werlte\",\"isPartOf\":{\"@id\":\"https:\\\/\\\/msc-werlte.de\\\/#website\"},\"datePublished\":\"2024-04-01T08:06:47+00:00\",\"dateModified\":\"2026-03-11T16:50:07+00:00\",\"breadcrumb\":{\"@id\":\"https:\\\/\\\/msc-werlte.de\\\/index.php\\\/adac-weser-ems-bahnsport-nachwuchs-cup\\\/allgemeine-infos\\\/#breadcrumb\"},\"inLanguage\":\"de\",\"potentialAction\":[{\"@type\":\"ReadAction\",\"target\":[\"https:\\\/\\\/msc-werlte.de\\\/index.php\\\/adac-weser-ems-bahnsport-nachwuchs-cup\\\/allgemeine-infos\\\/\"]}]},{\"@type\":\"BreadcrumbList\",\"@id\":\"https:\\\/\\\/msc-werlte.de\\\/index.php\\\/adac-weser-ems-bahnsport-nachwuchs-cup\\\/allgemeine-infos\\\/#breadcrumb\",\"itemListElement\":[{\"@type\":\"ListItem\",\"position\":1,\"name\":\"Startseite\",\"item\":\"https:\\\/\\\/msc-werlte.de\\\/\"},{\"@type\":\"ListItem\",\"position\":2,\"name\":\"ADAC Weser Ems Bahnsport Nachwuchs Cup\",\"item\":\"https:\\\/\\\/msc-werlte.de\\\/index.php\\\/adac-weser-ems-bahnsport-nachwuchs-cup\\\/\"},{\"@type\":\"ListItem\",\"position\":3,\"name\":\"Allgemeine Infos\"}]},{\"@type\":\"WebSite\",\"@id\":\"https:\\\/\\\/msc-werlte.de\\\/#website\",\"url\":\"https:\\\/\\\/msc-werlte.de\\\/\",\"name\":\"MSC H\u00fcmmling Werlte\",\"description\":\"\",\"publisher\":{\"@id\":\"https:\\\/\\\/msc-werlte.de\\\/#organization\"},\"potentialAction\":[{\"@type\":\"SearchAction\",\"target\":{\"@type\":\"EntryPoint\",\"urlTemplate\":\"https:\\\/\\\/msc-werlte.de\\\/?s={search_term_string}\"},\"query-input\":{\"@type\":\"PropertyValueSpecification\",\"valueRequired\":true,\"valueName\":\"search_term_string\"}}],\"inLanguage\":\"de\"},{\"@type\":\"Organization\",\"@id\":\"https:\\\/\\\/msc-werlte.de\\\/#organization\",\"name\":\"MSC H\u00fcmmling Werlte\",\"url\":\"https:\\\/\\\/msc-werlte.de\\\/\",\"logo\":{\"@type\":\"ImageObject\",\"inLanguage\":\"de\",\"@id\":\"https:\\\/\\\/msc-werlte.de\\\/#\\\/schema\\\/logo\\\/image\\\/\",\"url\":\"https:\\\/\\\/msc-werlte.de\\\/wp-content\\\/uploads\\\/2022\\\/10\\\/MSC-Werlte_329px_Final.png\",\"contentUrl\":\"https:\\\/\\\/msc-werlte.de\\\/wp-content\\\/uploads\\\/2022\\\/10\\\/MSC-Werlte_329px_Final.png\",\"width\":329,\"height\":329,\"caption\":\"MSC H\u00fcmmling Werlte\"},\"image\":{\"@id\":\"https:\\\/\\\/msc-werlte.de\\\/#\\\/schema\\\/logo\\\/image\\\/\"},\"sameAs\":[\"https:\\\/\\\/www.facebook.com\\\/MscHummlingWerlteEvImAdac\"]}]}<\/script>\n<!-- \/ Yoast SEO plugin. -->","yoast_head_json":{"title":"Allgemeine Infos - MSC H\u00fcmmling Werlte","robots":{"index":"index","follow":"follow","max-snippet":"max-snippet:-1","max-image-preview":"max-image-preview:large","max-video-preview":"max-video-preview:-1"},"canonical":"https:\/\/msc-werlte.de\/index.php\/adac-weser-ems-bahnsport-nachwuchs-cup\/allgemeine-infos\/","og_locale":"de_DE","og_type":"article","og_title":"Allgemeine Infos - MSC H\u00fcmmling Werlte","og_description":"Der n\u00e4chste ADAC Weser Ems Bahnsport Nachwuchs Cup findet am &nbsp; Samstag, 14. M\u00e4rz 2026 &nbsp; in der H\u00fcmmlingring- Arena in Werlte, Rastdorfer Stra\u00dfe, statt. Wir freuen uns auf euch! \u00a0 Ausschreibung f\u00fcr den ADAC Weser Ems Bahnsport Nachwuchs Cup klicke hier: https:\/\/msc-werlte.de\/wp-content\/uploads\/2026\/02\/Ausschreibung_adac-cup2026.pdf &nbsp; Zeitplan: https:\/\/msc-werlte.de\/wp-content\/uploads\/2026\/02\/Zeitplan-ADAC-Cup-2026.pdf &nbsp; Nennungen gibt es hier: https:\/\/msc-werlte.de\/wp-content\/uploads\/2026\/02\/NennungBahnsportClubsport2026.pdf &nbsp; &nbsp; Fahrerfelder ADAC Weser Ems Bahnsport Nachwuchs [&hellip;]","og_url":"https:\/\/msc-werlte.de\/index.php\/adac-weser-ems-bahnsport-nachwuchs-cup\/allgemeine-infos\/","og_site_name":"MSC H\u00fcmmling Werlte","article_publisher":"https:\/\/www.facebook.com\/MscHummlingWerlteEvImAdac","article_modified_time":"2026-03-11T16:50:07+00:00","twitter_card":"summary_large_image","twitter_misc":{"Gesch\u00e4tzte Lesezeit":"2\u00a0Minuten"},"schema":{"@context":"https:\/\/schema.org","@graph":[{"@type":"WebPage","@id":"https:\/\/msc-werlte.de\/index.php\/adac-weser-ems-bahnsport-nachwuchs-cup\/allgemeine-infos\/","url":"https:\/\/msc-werlte.de\/index.php\/adac-weser-ems-bahnsport-nachwuchs-cup\/allgemeine-infos\/","name":"Allgemeine Infos - MSC H\u00fcmmling Werlte","isPartOf":{"@id":"https:\/\/msc-werlte.de\/#website"},"datePublished":"2024-04-01T08:06:47+00:00","dateModified":"2026-03-11T16:50:07+00:00","breadcrumb":{"@id":"https:\/\/msc-werlte.de\/index.php\/adac-weser-ems-bahnsport-nachwuchs-cup\/allgemeine-infos\/#breadcrumb"},"inLanguage":"de","potentialAction":[{"@type":"ReadAction","target":["https:\/\/msc-werlte.de\/index.php\/adac-weser-ems-bahnsport-nachwuchs-cup\/allgemeine-infos\/"]}]},{"@type":"BreadcrumbList","@id":"https:\/\/msc-werlte.de\/index.php\/adac-weser-ems-bahnsport-nachwuchs-cup\/allgemeine-infos\/#breadcrumb","itemListElement":[{"@type":"ListItem","position":1,"name":"Startseite","item":"https:\/\/msc-werlte.de\/"},{"@type":"ListItem","position":2,"name":"ADAC Weser Ems Bahnsport Nachwuchs Cup","item":"https:\/\/msc-werlte.de\/index.php\/adac-weser-ems-bahnsport-nachwuchs-cup\/"},{"@type":"ListItem","position":3,"name":"Allgemeine Infos"}]},{"@type":"WebSite","@id":"https:\/\/msc-werlte.de\/#website","url":"https:\/\/msc-werlte.de\/","name":"MSC H\u00fcmmling Werlte","description":"","publisher":{"@id":"https:\/\/msc-werlte.de\/#organization"},"potentialAction":[{"@type":"SearchAction","target":{"@type":"EntryPoint","urlTemplate":"https:\/\/msc-werlte.de\/?s={search_term_string}"},"query-input":{"@type":"PropertyValueSpecification","valueRequired":true,"valueName":"search_term_string"}}],"inLanguage":"de"},{"@type":"Organization","@id":"https:\/\/msc-werlte.de\/#organization","name":"MSC H\u00fcmmling Werlte","url":"https:\/\/msc-werlte.de\/","logo":{"@type":"ImageObject","inLanguage":"de","@id":"https:\/\/msc-werlte.de\/#\/schema\/logo\/image\/","url":"https:\/\/msc-werlte.de\/wp-content\/uploads\/2022\/10\/MSC-Werlte_329px_Final.png","contentUrl":"https:\/\/msc-werlte.de\/wp-content\/uploads\/2022\/10\/MSC-Werlte_329px_Final.png","width":329,"height":329,"caption":"MSC H\u00fcmmling Werlte"},"image":{"@id":"https:\/\/msc-werlte.de\/#\/schema\/logo\/image\/"},"sameAs":["https:\/\/www.facebook.com\/MscHummlingWerlteEvImAdac"]}]}},"_links":{"self":[{"href":"https:\/\/msc-werlte.de\/index.php\/wp-json\/wp\/v2\/pages\/70","targetHints":{"allow":["GET"]}}],"collection":[{"href":"https:\/\/msc-werlte.de\/index.php\/wp-json\/wp\/v2\/pages"}],"about":[{"href":"https:\/\/msc-werlte.de\/index.php\/wp-json\/wp\/v2\/types\/page"}],"author":[{"embeddable":true,"href":"https:\/\/msc-werlte.de\/index.php\/wp-json\/wp\/v2\/users\/1"}],"replies":[{"embeddable":true,"href":"https:\/\/msc-werlte.de\/index.php\/wp-json\/wp\/v2\/comments?post=70"}],"version-history":[{"count":27,"href":"https:\/\/msc-werlte.de\/index.php\/wp-json\/wp\/v2\/pages\/70\/revisions"}],"predecessor-version":[{"id":1730,"href":"https:\/\/msc-werlte.de\/index.php\/wp-json\/wp\/v2\/pages\/70\/revisions\/1730"}],"up":[{"embeddable":true,"href":"https:\/\/msc-werlte.de\/index.php\/wp-json\/wp\/v2\/pages\/66"}],"wp:attachment":[{"href":"https:\/\/msc-werlte.de\/index.php\/wp-json\/wp\/v2\/media?parent=70"}],"curies":[{"name":"wp","href":"https:\/\/api.w.org\/{rel}","templated":true}]}}