{"id":3,"date":"2022-10-29T08:44:22","date_gmt":"2022-10-29T06:44:22","guid":{"rendered":"https:\/\/msc-werlte.de\/?page_id=3"},"modified":"2024-06-17T19:01:08","modified_gmt":"2024-06-17T17:01:08","slug":"impressum-datenschutzerklaerung","status":"publish","type":"page","link":"https:\/\/msc-werlte.de\/index.php\/impressum-datenschutzerklaerung\/","title":{"rendered":"Impressum &#038; Datenschutzhinweise"},"content":{"rendered":"<div class=\"post-content\">\n<h2><span style=\"font-size: 16px;\">Impressum &amp; Datenschutzhinweise<\/span><\/h2>\n<h2><span style=\"font-size: 14px;\">I.\u00a0\u00a0\u00a0\u00a0\u00a0\u00a0 Name und Anschrift des Verantwortlichen<\/span><\/h2>\n<p><span style=\"font-size: 14px;\">Der Verantwortliche im Sinne des Datenschutzrecht ist die:<\/span><\/p>\n<p><span style=\"font-size: 14px;\">MSC &#8222;H\u00fcmmling&#8220; Werlte e.V. im ADAC<br \/>\n<\/span><\/p>\n<p><span style=\"font-size: 14px;\">Inh. Josef Hukelmann<br \/>\n<\/span><\/p>\n<p><span style=\"font-size: 14px;\">Bockholter Stra\u00dfe 31a<br \/>\n<\/span><\/p>\n<p><span style=\"font-size: 14px;\">49757 Werlte<\/span><\/p>\n<p><span style=\"font-size: 14px;\">Deutschland<\/span><\/p>\n<p><span style=\"font-size: 14px;\">E-Mail: info@msc-werlte.de<\/span><\/p>\n<p><span style=\"font-size: 14px;\">Website: www.msc-werlte.de<\/span><\/p>\n<h2><span style=\"font-size: 14px;\">II.\u00a0\u00a0\u00a0\u00a0\u00a0 Allgemeines zur Datenverarbeitung<\/span><\/h2>\n<p><span style=\"font-size: 14px;\">1.\u00a0\u00a0\u00a0 Umfang der Verarbeitung personenbezogener Daten<\/span><\/p>\n<p><span style=\"font-size: 14px;\">Wir verarbeiten personenbezogene Daten meiner Nutzer grunds\u00e4tzlich nur, soweit dies zur Bereitstellung einer funktionsf\u00e4higen Website sowie meiner Inhalte und Leistungen erforderlich ist.<\/span><\/p>\n<p><span style=\"font-size: 14px;\">2.\u00a0\u00a0\u00a0 Rechtsgrundlage f\u00fcr die Verarbeitung personenbezogener Daten<\/span><\/p>\n<p><span style=\"font-size: 14px;\">Soweit wir f\u00fcr Verarbeitungsvorg\u00e4nge personenbezogener Daten eine Einwilligung der betroffenen Person einhole, dient Art. 6 Abs. 1 lit. a EU-Datenschutzgrundverordnung (DSGVO) als Rechtsgrundlage.<\/span><\/p>\n<p><span style=\"font-size: 14px;\">Bei der Verarbeitung von personenbezogenen Daten, die zur Erf\u00fcllung eines Vertrages, dessen Vertragspartei die betroffene Person ist, erforderlich ist, dient Art.\u00a06 Abs.\u00a01 lit.\u00a0b DSGVO als Rechtsgrundlage. Dies gilt auch f\u00fcr Verarbeitungsvorg\u00e4nge, die zur Durchf\u00fchrung vorvertraglicher Ma\u00dfnahmen erforderlich sind.<\/span><\/p>\n<p><span style=\"font-size: 14px;\">Soweit eine Verarbeitung personenbezogener Daten zur Erf\u00fcllung einer rechtlichen Verpflichtung erforderlich ist, der wir unterliegen, dient Art. 6 Abs. 1 lit. c DSGVO als Rechtsgrundlage.<\/span><\/p>\n<p><span style=\"font-size: 14px;\">F\u00fcr den Fall, dass lebenswichtige Interessen der betroffenen Person oder einer anderen nat\u00fcrlichen Person eine Verarbeitung personenbezogener Daten erforderlich machen, dient Art.\u00a06 Abs.\u00a01 lit.\u00a0d DSGVO als Rechtsgrundlage.<\/span><\/p>\n<p><span style=\"font-size: 14px;\">Ist die Verarbeitung zur Wahrung meines berechtigten Interesses oder eines Dritten erforderlich und \u00fcberwiegen die Interessen, Grundrechte und Grundfreiheiten des Betroffenen das erstgenannte Interesse nicht, so dient Art.\u00a06 Abs.\u00a01 lit.\u00a0f DSGVO als Rechtsgrundlage f\u00fcr die Verarbeitung.<\/span><\/p>\n<p><span style=\"font-size: 14px;\">3.\u00a0\u00a0\u00a0 Datenl\u00f6schung und Speicherdauer<\/span><\/p>\n<p><span style=\"font-size: 14px;\">Die personenbezogenen Daten der betroffenen Person werden gel\u00f6scht oder gesperrt, sobald der Zweck der Speicherung entf\u00e4llt. Eine Speicherung kann dar\u00fcber hinaus erfolgen, wenn dies durch den europ\u00e4ischen oder nationalen Gesetzgeber in unionsrechtlichen Verordnungen, Gesetzen oder sonstigen Vorschriften, denen der Verantwortliche unterliegt, vorgesehen wurde. Eine Sperrung oder L\u00f6schung der Daten erfolgt auch dann, wenn eine durch die genannten Normen vorgeschriebene Speicherfrist abl\u00e4uft, es sei denn, dass eine Erforderlichkeit zur weiteren Speicherung der Daten f\u00fcr einen Vertragsabschluss oder eine Vertragserf\u00fcllung besteht.<\/span><\/p>\n<h2><span style=\"font-size: 14px;\">III.\u00a0\u00a0\u00a0 Bereitstellung der Website und Erstellung von Logfiles<\/span><\/h2>\n<p><span style=\"font-size: 14px;\">1. Beschreibung und Umfang der Datenverarbeitung<\/span><\/p>\n<p><span style=\"font-size: 14px;\">Bei jedem Aufruf unserer Internetseite werden durch das System automatisiert Daten und Informationen erfasst, die durch den auf Deinem Endger\u00e4t zum Einsatz kommenden Browser automatisch an den Server unserer Website \u00fcbermittelt werden.<\/span><\/p>\n<p><span style=\"font-size: 14px;\">Folgende Daten werden hierbei erhoben:<\/span><\/p>\n<ul>\n<li><span style=\"font-size: 14px;\">Die IP-Adresse des Nutzers<\/span><\/li>\n<li><span style=\"font-size: 14px;\">Datum und Uhrzeit des Zugriffs<\/span><\/li>\n<li><span style=\"font-size: 14px;\">Name und URL der abgerufenen Datei<\/span><\/li>\n<li><span style=\"font-size: 14px;\">Verwendeter Browser und ggf. das Betriebssystem Deines Rechners sowie der Name Deines Access-Providers<\/span><\/li>\n<li><span style=\"font-size: 14px;\">Websites, von den das System des Nutzers auf unsere Internetseite gelangt<\/span><\/li>\n<\/ul>\n<p><span style=\"font-size: 14px;\">Die Daten werden ebenfalls in den Logfiles des Systems gespeichert. Eine Speicherung dieser Daten zusammen mit andere personenbezogenen Daten des Nutzers findet nicht statt.<\/span><\/p>\n<p><span style=\"font-size: 14px;\">2.\u00a0\u00a0\u00a0 Rechtsgrundlage f\u00fcr die Datenverarbeitung<\/span><\/p>\n<p><span style=\"font-size: 14px;\">Rechtsgrundlage f\u00fcr die vor\u00fcbergehende Speicherung der Daten und der Logfiles ist Art. 6 Abs. 1 lit. f DSGVO.<\/span><\/p>\n<p><span style=\"font-size: 14px;\">3.\u00a0\u00a0\u00a0 Zweck der Datenverarbeitung<\/span><\/p>\n<p><span style=\"font-size: 14px;\">Die vor\u00fcbergehende Speicherung der IP-Adresse durch das System ist notwendig, um eine Auslieferung der Website an das Endger\u00e4t des Nutzers zu erm\u00f6glichen. Hierf\u00fcr muss die IP-Adresse des Nutzers f\u00fcr die Dauer der Sitzung gespeichert bleiben.<\/span><\/p>\n<p><span style=\"font-size: 14px;\">Die Speicherung in Logfiles erfolgt, um die Funktionsf\u00e4higkeit der Website sicherzustellen. Zudem dienen uns die Daten zur Optimierung der Website und zur Sicherstellung der Sicherheit unserer informationstechnischen Systeme. Eine Auswertung der Daten zu Marketingzwecken findet in diesem Zusammenhang nicht statt.<em>\u00a0<\/em><\/span><\/p>\n<p><span style=\"font-size: 14px;\">In diesen Zwecken liegt auch mein berechtigtes Interesse an der Datenverarbeitung nach Art.\u00a06 Abs.\u00a01 lit.\u00a0f DSGVO.<\/span><\/p>\n<p><span style=\"font-size: 14px;\">4.\u00a0\u00a0\u00a0 Dauer der Speicherung<\/span><\/p>\n<p><span style=\"font-size: 14px;\">Die Daten werden gel\u00f6scht, sobald sie f\u00fcr die Erreichung des Zweckes ihrer Erhebung nicht mehr erforderlich sind. Im Falle der Erfassung der Daten zur Bereitstellung der Website ist dies der Fall, wenn die jeweilige Sitzung beendet ist.<\/span><\/p>\n<p><span style=\"font-size: 14px;\">Im Falle der Speicherung der Daten in Logfiles ist dies nach sp\u00e4testens sieben Tagen der Fall. Eine dar\u00fcberhinausgehende Speicherung ist m\u00f6glich. In diesem Fall werden die IP-Adressen der Nutzer gel\u00f6scht oder verfremdet, sodass eine Zuordnung des aufrufenden Clients nicht mehr m\u00f6glich ist.<\/span><\/p>\n<p><span style=\"font-size: 14px;\">5.\u00a0\u00a0\u00a0 Widerspruchs- und Beseitigungsm\u00f6glichkeit<\/span><\/p>\n<p><span style=\"font-size: 14px;\">Die Erfassung der Daten zur Bereitstellung der Website und die Speicherung der Daten in Logfiles ist f\u00fcr den Betrieb der Internetseite zwingend erforderlich. Es besteht folglich seitens des Nutzers keine Widerspruchsm\u00f6glichkeit.<\/span><\/p>\n<h2><span style=\"font-size: 14px;\">IV.\u00a0\u00a0 Verwendung von Cookies<\/span><\/h2>\n<p><span style=\"font-size: 14px;\">1.Beschreibung und Umfang der Datenverarbeitung<\/span><\/p>\n<p><span style=\"font-size: 14px;\">Unsere Webseite verwendet Cookies. Bei Cookies handelt es sich um Textdateien, die im Internetbrowser bzw. vom Internetbrowser auf dem Endger\u00e4t des Nutzers gespeichert werden. Ruft ein Nutzer eine Website auf, so kann ein Cookie auf dem Betriebssystem des Nutzers gespeichert werden. Dieser Cookie enth\u00e4lt eine charakteristische Zeichenfolge, die eine eindeutige Identifizierung des Browsers beim erneuten Aufrufen der Website erm\u00f6glicht.<\/span><\/p>\n<p><span style=\"font-size: 14px;\">Wir setzen Cookies ein, um unsere Website nutzerfreundlich zu gestalten. Einige Elemente unserer Internetseite erfordern es, dass der aufrufende Browser auch nach einem Seitenwechsel identifiziert werden kann.<\/span><\/p>\n<p><span style=\"font-size: 14px;\">2. Rechtsgrundlage f\u00fcr die Datenverarbeitung<\/span><\/p>\n<p><span style=\"font-size: 14px;\">Die Rechtsgrundlage f\u00fcr die Verarbeitung personenbezogener Daten unter Verwendung von Cookies ist Art. 6 Abs. 1 lit. f DSGVO.<\/span><\/p>\n<p><span style=\"font-size: 14px;\">3. Zweck der Datenverarbeitung<\/span><\/p>\n<p><span style=\"font-size: 14px;\">Der Zweck der Verwendung technisch notwendiger Cookies ist, die Nutzung von Websites f\u00fcr die Nutzer zu vereinfachen. Einige Funktionen unserer Internetseite k\u00f6nnen ohne den Einsatz von Cookies nicht angeboten werden. F\u00fcr diese ist es erforderlich, dass der Browser auch nach einem Seitenwechsel wiedererkannt wird.<\/span><\/p>\n<p><span style=\"font-size: 14px;\">4. Dauer der Speicherung, Widerspruchs- und Beseitigungsm\u00f6glichkeit<\/span><\/p>\n<p><span style=\"font-size: 14px;\">Cookies werden auf dem Rechner des Nutzers gespeichert und von diesem an unserer Seite \u00fcbermittelt. Daher hast Du als Nutzer auch die volle Kontrolle \u00fcber die Verwendung von Cookies. Durch eine \u00c4nderung der Einstellungen in deinem Internetbrowser kannst du die \u00dcbertragung von Cookies deaktivieren oder einschr\u00e4nken. Bereits gespeicherte Cookies k\u00f6nnen jederzeit gel\u00f6scht werden. Dies kann auch automatisiert erfolgen. Werden Cookies f\u00fcr unsere Website deaktiviert, k\u00f6nnen m\u00f6glicherweise nicht mehr alle Funktionen der Website vollumf\u00e4nglich genutzt werden<\/span><\/p>\n<h2><span style=\"font-size: 14px;\">V.\u00a0\u00a0\u00a0\u00a0\u00a0\u00a0\u00a0\u00a0 Kontaktformular und E-Mail-Kontakt<\/span><\/h2>\n<p><span style=\"font-size: 14px;\">1.\u00a0\u00a0 Beschreibung und Umfang der Datenverarbeitung<\/span><\/p>\n<p><span style=\"font-size: 14px;\">Auf unserer Internetseite ist ein Kontaktformular vorhanden, welches f\u00fcr die elektronische Kontaktaufnahme genutzt werden kann. Nimmt ein Nutzer diese M\u00f6glichkeit wahr, so werden die in der Eingabemaske eingegeben Daten an uns \u00fcbermittelt und gespeichert. Welche Daten wir erheben, ist aus den jeweiligen Eingabeformularen ersichtlich. Zus\u00e4tzlich speichern wir Datum und Uhrzeit der Kontaktaufnahme.<\/span><\/p>\n<p><span style=\"font-size: 14px;\">Neben der M\u00f6glichkeit uns \u00fcber das Kontaktformular zu kontaktieren ist alternativ eine Kontaktaufnahme \u00fcber die bereitgestellte E-Mail-Adresse info@msc-werle.de m\u00f6glich. In diesem Fall werden die mit der E-Mail \u00fcbermittelten personenbezogenen Daten des Nutzers gespeichert.<\/span><\/p>\n<p><span style=\"font-size: 14px;\">Es erfolgt in diesem Zusammenhang keine Weitergabe der Daten an Dritte. Die Daten werden ausschlie\u00dflich f\u00fcr die Verarbeitung der Konversation verwendet.<\/span><\/p>\n<p><span style=\"font-size: 14px;\">2.\u00a0\u00a0 Rechtsgrundlage f\u00fcr die Datenverarbeitung<\/span><\/p>\n<p><span style=\"font-size: 14px;\">Rechtsgrundlage f\u00fcr die Verarbeitung der Daten, die im Zuge einer \u00dcbersendung des Kontaktformulars oder einer E-Mail \u00fcbermittelt werden, ist Art.\u00a06 Abs.\u00a01 lit.\u00a0f DSGVO. Zielt der Kontakt auf den Abschluss eines Vertrages ab, so ist zus\u00e4tzliche Rechtsgrundlage f\u00fcr die Verarbeitung Art.\u00a06 Abs.\u00a01 lit.\u00a0b DSGVO.<\/span><\/p>\n<p><span style=\"font-size: 14px;\">3.\u00a0\u00a0\u00a0 Zweck der Datenverarbeitung<\/span><\/p>\n<p><span style=\"font-size: 14px;\">Die Verarbeitung der personenbezogenen Daten aus der Eingabemaske oder bei einer Kontaktaufnahme per E-Mail dient uns allein zur Bearbeitung des Anliegens. Hierin liegt auch das erforderliche berechtigte Interesse an der Verarbeitung der Daten.<\/span><\/p>\n<p><span style=\"font-size: 14px;\">Die sonstigen w\u00e4hrend des Absendevorgangs des Kontaktformulars verarbeiteten personenbezogenen Daten dienen dazu, einen Missbrauch des Kontaktformulars zu verhindern und die Sicherheit unserer informationstechnischen Systeme sicherzustellen.<\/span><\/p>\n<p><span style=\"font-size: 14px;\">4.\u00a0\u00a0\u00a0 Dauer der Speicherung<\/span><\/p>\n<p><span style=\"font-size: 14px;\">Wenn du per Formular auf der Webseite oder per E-Mail Kontakt mit uns aufnimmst, werden Deine angegebenen Daten zwecks Bearbeitung der Anfrage und f\u00fcr den Fall von Anschlussfragen sechs Monate bei mir gespeichert. Eine Speicherung kann dar\u00fcber hinaus erfolgen, wenn dies durch den europ\u00e4ischen oder nationalen Gesetzgeber in unionsrechtlichen Verordnungen, Gesetzen oder sonstigen Vorschriften, denen der Verantwortliche unterliegt, vorgesehen wurde.<\/span><\/p>\n<p><span style=\"font-size: 14px;\">Die w\u00e4hrend des Absendevorgangs zus\u00e4tzlich erhobenen personenbezogenen Daten werden sp\u00e4testens nach einer Frist von sieben Tagen gel\u00f6scht.<\/span><\/p>\n<h2><span style=\"font-size: 14px;\">VI. Empf\u00e4nger \/ Weitergabe von Daten<\/span><\/h2>\n<p><span style=\"font-size: 14px;\">Daten, die Du uns gegen\u00fcber angibst, werden grunds\u00e4tzlich nicht an Dritte weitergegeben. Insbesondere werden Deine Daten nicht an Dritte f\u00fcr deren Werbezwecke weitergegeben.<\/span><br \/>\n<span style=\"font-size: 14px;\">Wir setzen jedoch ggf. Dienstleister f\u00fcr den Betrieb dieser Internetseite oder f\u00fcr weitere Produkte oder Dienstleistungen von uns ein. Hier kann es vorkommen, dass ein Dienstleister Kenntnis von personenbezogenen Daten erh\u00e4lt. Wir w\u00e4hlen Dienstleister sorgf\u00e4ltig \u2013 insbesondere im Hinblick auf Datenschutz und Datensicherheit \u2013 aus und treffen alle datenschutzrechtlich erforderlichen Ma\u00dfnahmen f\u00fcr eine zul\u00e4ssige Datenverarbeitung.<\/span><\/p>\n<h2><span style=\"font-size: 14px;\">VII.\u00a0\u00a0 SSL Verschl\u00fcsselung<\/span><\/h2>\n<p><span style=\"font-size: 14px;\">Unsere Webseiten nutzen aus Gr\u00fcnden der Sicherheit und zum Schutz der \u00dcbertragung vertraulicher Inhalte wie zum Beispiel die \u00dcbermittlung der Kontaktdaten des Nutzers \u00fcber unser Kontaktformular. Eine SSL-Verschl\u00fcsselung einer Webseite erkennst du daran wenn der Beginn der URL von \u201ehttp:\/\/\u201c auf \u201ehttp<strong>s<\/strong>:\/\/\u201c wechselt und ein Schloss-Symbol in deiner Browserzeile eingeblendet wird.<\/span><\/p>\n<h2><span style=\"font-size: 14px;\">VIII.\u00a0 Analyse-Tools und Werbung Google Analytics<\/span><\/h2>\n<p><span style=\"font-size: 14px;\">Diese Website nutzt Funktionen des Webanalysedienstes Google Analytics. Anbieter ist die Google Ireland Limited (\u201eGoogle\u201c), Gordon House, Barrow Street, Dublin 4, Irland. Google Analytics verwendet so genannte \u201eCookies\u201c. Das sind Textdateien, die auf Ihrem Computer gespeichert werden und die eine Analyse der Benutzung der Website durch Sie erm\u00f6glichen. Die durch den Cookie erzeugten Informationen \u00fcber Ihre Benutzung dieser Website werden in der Regel an einen Server von Google in den USA \u00fcbertragen und dort gespeichert.<\/span><\/p>\n<p><span style=\"font-size: 14px;\">Die Speicherung von Google-Analytics-Cookies und die Nutzung dieses Analyse-Tools erfolgen auf Grundlage von Art. 6 Abs. 1 lit. f DSGVO. Der Websitebetreiber hat ein berechtigtes Interesse an der Analyse des Nutzerverhaltens, um sowohl sein Webangebot als auch seine Werbung zu optimieren. Sofern eine entsprechende Einwilligung abgefragt wurde (z. B. eine Einwilligung zur Speicherung von Cookies), erfolgt die Verarbeitung ausschlie\u00dflich auf Grundlage von Art. 6 Abs. 1 lit. a DSGVO; die Einwilligung ist jederzeit widerrufbar.<\/span><\/p>\n<p><span style=\"font-size: 14px;\">IP Anonymisierung<\/span><\/p>\n<p><span style=\"font-size: 14px;\">Wir haben auf dieser Website die Funktion IP-Anonymisierung aktiviert. Dadurch wird Ihre IP-Adresse von Google innerhalb von Mitgliedstaaten der Europ\u00e4ischen Union oder in anderen Vertragsstaaten des Abkommens \u00fcber den Europ\u00e4ischen Wirtschaftsraum vor der \u00dcbermittlung in die USA gek\u00fcrzt. Nur in Ausnahmef\u00e4llen wird die volle IP-Adresse an einen Server von Google in den USA \u00fcbertragen und dort gek\u00fcrzt. Im Auftrag des Betreibers dieser Website wird Google diese Informationen benutzen, um Ihre Nutzung der Website auszuwerten, um Reports \u00fcber die Websiteaktivit\u00e4ten zusammenzustellen und um weitere mit der Websitenutzung und der Internetnutzung verbundene Dienstleistungen gegen\u00fcber dem Websitebetreiber zu erbringen. Die im Rahmen von Google Analytics von Ihrem Browser \u00fcbermittelte IP-Adresse wird nicht mit anderen Daten von Google zusammengef\u00fchrt.<\/span><\/p>\n<p><span style=\"font-size: 14px;\">Browser Plugin<\/span><\/p>\n<p><span style=\"font-size: 14px;\">Sie k\u00f6nnen die Speicherung der Cookies durch eine entsprechende Einstellung Ihrer Browser-Software verhindern; wir weisen Sie jedoch darauf hin, dass Sie in diesem Fall gegebenenfalls nicht s\u00e4mtliche Funktionen dieser Website vollumf\u00e4nglich werden nutzen k\u00f6nnen. Sie k\u00f6nnen dar\u00fcber hinaus die Erfassung der durch den Cookie erzeugten und auf Ihre Nutzung der Website bezogenen Daten (inkl. Ihrer IP-Adresse) an Google sowie die Verarbeitung dieser Daten durch Google verhindern, indem Sie das unter dem folgenden Link verf\u00fcgbare Browser-Plugin herunterladen und installieren:\u00a0<a href=\"https:\/\/tools.google.com\/dlpage\/gaoptout?hl=de\">https:\/\/tools.google.com\/dlpage\/gaoptout?hl=de<\/a>.<\/span><\/p>\n<p><span style=\"font-size: 14px;\">Widerspruch gegen Datenerfassung<\/span><\/p>\n<p><span style=\"font-size: 14px;\">Sie k\u00f6nnen die Erfassung Ihrer Daten durch Google Analytics verhindern, indem Sie auf folgenden Link klicken. Es wird ein Opt-Out-Cookie gesetzt, der die Erfassung Ihrer Daten bei zuk\u00fcnftigen Besuchen dieser Website verhindert:\u00a0Google Analytics deaktivieren. Mehr Informationen zum Umgang mit Nutzerdaten bei Google Analytics finden Sie in der Datenschutzerkl\u00e4rung von Google:\u00a0<a href=\"https:\/\/support.google.com\/analytics\/answer\/6004245?hl=de\">https:\/\/support.google.com\/analytics\/answer\/6004245?hl=de<\/a>.<\/span><\/p>\n<p><span style=\"font-size: 14px;\">Auftragsverarbeitung<\/span><\/p>\n<p><span style=\"font-size: 14px;\">Wir haben mit Google einen Vertrag zur Auftragsverarbeitung abgeschlossen und setzen die strengen Vorgaben der deutschen Datenschutzbeh\u00f6rden bei der Nutzung von Google Analytics vollst\u00e4ndig um. Demografische Merkmale bei Google Analytics Diese Website nutzt die Funktion \u201edemografische Merkmale\u201c von Google Analytics. Dadurch k\u00f6nnen Berichte erstellt werden, die Aussagen zu Alter, Geschlecht und Interessen der Seitenbesucher enthalten. Diese Daten stammen aus interessenbezogener Werbung von Google sowie aus Besucherdaten von Drittanbietern. Diese Daten k\u00f6nnen keiner bestimmten Person zugeordnet werden. Sie k\u00f6nnen diese Funktion jederzeit \u00fcber die Anzeigeneinstellungen in Ihrem Google-Konto deaktivieren oder die Erfassung Ihrer Daten durch Google Analytics wie im Punkt \u201eWiderspruch gegen Datenerfassung\u201c dargestellt generell untersagen. Speicherdauer Bei Google gespeicherte Daten auf Nutzer- und Ereignisebene, die mit Cookies, Nutzerkennungen (z.\u00a0B. User ID) oder Werbe-IDs (z.\u00a0B. DoubleClick-Cookies, Android-Werbe-ID) verkn\u00fcpft sind, werden nach 14 Monaten anonymisiert bzw. gel\u00f6scht. Details hierzu ersehen Sie unter folgendem Link:\u00a0<a href=\"https:\/\/support.google.com\/analytics\/answer\/7667196?hl=de\">https:\/\/support.google.com\/analytics\/answer\/7667196?hl=de<\/a><\/span><\/p>\n<h2><span style=\"font-size: 14px;\">IX.\u00a0 Kontaktdaten des Datenschutzbeauftragten<\/span><\/h2>\n<p><span style=\"font-size: 14px;\">Wir sind zur Benennung eines Datenschutzbeauftragten nicht verpflichtet.<\/span><\/p>\n<h2><span style=\"font-size: 14px;\">X.\u00a0\u00a0\u00a0\u00a0\u00a0\u00a0 Rechte der betroffenen Person<\/span><\/h2>\n<p><span style=\"font-size: 14px;\">Dir steht grunds\u00e4tzlich das Recht auf <strong>Auskunft<\/strong>, <strong>Berichtigung<\/strong>, <strong>L\u00f6schung<\/strong>, <strong>Einschr\u00e4nkung<\/strong>, <strong>Daten\u00fcbertragbarkeit<\/strong>, <strong>Widerruf<\/strong> und <strong>Widerspruch<\/strong> zu. Wenn du glaubst, dass die Verarbeitung deiner Daten gegen die DSGVO verst\u00f6\u00dft oder deine datenschutzrechtlichen Anspr\u00fcche sonst in einer Weise verletzt worden sind, steht dir das Recht auf <strong>Beschwerde<\/strong> bei einer Aufsichtsbeh\u00f6rde zu.<\/span><\/p>\n<\/div>\n<div class=\"shariff\" data-services=\"facebook\" data-url=\"https:\/\/msc-werlte.de\/index.php\/impressum-datenschutzerklaerung\/\" data-timestamp=\"1718650868\" data-backendurl=\"https:\/\/msc-werlte.de\/wp-json\/shariff\/v1\/share_counts?\"><ul class=\"shariff-buttons theme-default orientation-horizontal buttonsize-medium\"><li class=\"shariff-button facebook shariff-nocustomcolor\" style=\"background-color:#4273c8\"><a href=\"https:\/\/www.facebook.com\/sharer\/sharer.php?u=https%3A%2F%2Fmsc-werlte.de%2Findex.php%2Fimpressum-datenschutzerklaerung%2F\" title=\"Bei Facebook teilen\" aria-label=\"Bei Facebook teilen\" role=\"button\" rel=\"nofollow\" class=\"shariff-link\" style=\"; background-color:#3b5998; color:#fff\" target=\"_blank\"><span class=\"shariff-icon\" style=\"\"><svg width=\"32px\" height=\"20px\" xmlns=\"http:\/\/www.w3.org\/2000\/svg\" viewBox=\"0 0 18 32\"><path fill=\"#3b5998\" d=\"M17.1 0.2v4.7h-2.8q-1.5 0-2.1 0.6t-0.5 1.9v3.4h5.2l-0.7 5.3h-4.5v13.6h-5.5v-13.6h-4.5v-5.3h4.5v-3.9q0-3.3 1.9-5.2t5-1.8q2.6 0 4.1 0.2z\"\/><\/svg><\/span><span class=\"shariff-text\">teilen<\/span>&nbsp;<span data-service=\"facebook\" style=\"color:#3b5998\" class=\"shariff-count shariff-hidezero\"><\/span>&nbsp;<\/a><\/li><\/ul><\/div>","protected":false},"excerpt":{"rendered":"<p>Impressum &amp; Datenschutzhinweise I.\u00a0\u00a0\u00a0\u00a0\u00a0\u00a0 Name und Anschrift des Verantwortlichen Der Verantwortliche im Sinne des Datenschutzrecht ist die: MSC &#8222;H\u00fcmmling&#8220; Werlte e.V. im ADAC Inh. Josef Hukelmann Bockholter Stra\u00dfe 31a 49757 Werlte Deutschland E-Mail: info@msc-werlte.de Website: www.msc-werlte.de II.\u00a0\u00a0\u00a0\u00a0\u00a0 Allgemeines zur Datenverarbeitung 1.\u00a0\u00a0\u00a0 Umfang der Verarbeitung personenbezogener Daten Wir verarbeiten personenbezogene Daten meiner Nutzer grunds\u00e4tzlich nur, soweit dies zur Bereitstellung einer funktionsf\u00e4higen [&hellip;]<\/p>\n","protected":false},"author":1,"featured_media":0,"parent":0,"menu_order":0,"comment_status":"closed","ping_status":"open","template":"","meta":{"footnotes":""},"class_list":["post-3","page","type-page","status-publish","hentry"],"yoast_head":"<!-- This site is optimized with the Yoast SEO plugin v27.5 - https:\/\/yoast.com\/product\/yoast-seo-wordpress\/ -->\n<title>Impressum &amp; Datenschutzhinweise - MSC H\u00fcmmling Werlte<\/title>\n<meta name=\"robots\" content=\"index, follow, max-snippet:-1, max-image-preview:large, max-video-preview:-1\" \/>\n<link rel=\"canonical\" href=\"https:\/\/msc-werlte.de\/index.php\/impressum-datenschutzerklaerung\/\" \/>\n<meta property=\"og:locale\" content=\"de_DE\" \/>\n<meta property=\"og:type\" content=\"article\" \/>\n<meta property=\"og:title\" content=\"Impressum &amp; Datenschutzhinweise - MSC H\u00fcmmling Werlte\" \/>\n<meta property=\"og:description\" content=\"Impressum &amp; Datenschutzhinweise I.\u00a0\u00a0\u00a0\u00a0\u00a0\u00a0 Name und Anschrift des Verantwortlichen Der Verantwortliche im Sinne des Datenschutzrecht ist die: MSC &#8222;H\u00fcmmling&#8220; Werlte e.V. im ADAC Inh. Josef Hukelmann Bockholter Stra\u00dfe 31a 49757 Werlte Deutschland E-Mail: info@msc-werlte.de Website: www.msc-werlte.de II.\u00a0\u00a0\u00a0\u00a0\u00a0 Allgemeines zur Datenverarbeitung 1.\u00a0\u00a0\u00a0 Umfang der Verarbeitung personenbezogener Daten Wir verarbeiten personenbezogene Daten meiner Nutzer grunds\u00e4tzlich nur, soweit dies zur Bereitstellung einer funktionsf\u00e4higen [&hellip;]\" \/>\n<meta property=\"og:url\" content=\"https:\/\/msc-werlte.de\/index.php\/impressum-datenschutzerklaerung\/\" \/>\n<meta property=\"og:site_name\" content=\"MSC H\u00fcmmling Werlte\" \/>\n<meta property=\"article:publisher\" content=\"https:\/\/www.facebook.com\/MscHummlingWerlteEvImAdac\" \/>\n<meta property=\"article:modified_time\" content=\"2024-06-17T17:01:08+00:00\" \/>\n<meta name=\"twitter:card\" content=\"summary_large_image\" \/>\n<meta name=\"twitter:label1\" content=\"Gesch\u00e4tzte Lesezeit\" \/>\n\t<meta name=\"twitter:data1\" content=\"12\u00a0Minuten\" \/>\n<script type=\"application\/ld+json\" class=\"yoast-schema-graph\">{\"@context\":\"https:\\\/\\\/schema.org\",\"@graph\":[{\"@type\":\"WebPage\",\"@id\":\"https:\\\/\\\/msc-werlte.de\\\/index.php\\\/impressum-datenschutzerklaerung\\\/\",\"url\":\"https:\\\/\\\/msc-werlte.de\\\/index.php\\\/impressum-datenschutzerklaerung\\\/\",\"name\":\"Impressum & Datenschutzhinweise - MSC H\u00fcmmling Werlte\",\"isPartOf\":{\"@id\":\"https:\\\/\\\/msc-werlte.de\\\/#website\"},\"datePublished\":\"2022-10-29T06:44:22+00:00\",\"dateModified\":\"2024-06-17T17:01:08+00:00\",\"breadcrumb\":{\"@id\":\"https:\\\/\\\/msc-werlte.de\\\/index.php\\\/impressum-datenschutzerklaerung\\\/#breadcrumb\"},\"inLanguage\":\"de\",\"potentialAction\":[{\"@type\":\"ReadAction\",\"target\":[\"https:\\\/\\\/msc-werlte.de\\\/index.php\\\/impressum-datenschutzerklaerung\\\/\"]}]},{\"@type\":\"BreadcrumbList\",\"@id\":\"https:\\\/\\\/msc-werlte.de\\\/index.php\\\/impressum-datenschutzerklaerung\\\/#breadcrumb\",\"itemListElement\":[{\"@type\":\"ListItem\",\"position\":1,\"name\":\"Startseite\",\"item\":\"https:\\\/\\\/msc-werlte.de\\\/\"},{\"@type\":\"ListItem\",\"position\":2,\"name\":\"Impressum &#038; Datenschutzhinweise\"}]},{\"@type\":\"WebSite\",\"@id\":\"https:\\\/\\\/msc-werlte.de\\\/#website\",\"url\":\"https:\\\/\\\/msc-werlte.de\\\/\",\"name\":\"MSC H\u00fcmmling Werlte\",\"description\":\"\",\"publisher\":{\"@id\":\"https:\\\/\\\/msc-werlte.de\\\/#organization\"},\"potentialAction\":[{\"@type\":\"SearchAction\",\"target\":{\"@type\":\"EntryPoint\",\"urlTemplate\":\"https:\\\/\\\/msc-werlte.de\\\/?s={search_term_string}\"},\"query-input\":{\"@type\":\"PropertyValueSpecification\",\"valueRequired\":true,\"valueName\":\"search_term_string\"}}],\"inLanguage\":\"de\"},{\"@type\":\"Organization\",\"@id\":\"https:\\\/\\\/msc-werlte.de\\\/#organization\",\"name\":\"MSC H\u00fcmmling Werlte\",\"url\":\"https:\\\/\\\/msc-werlte.de\\\/\",\"logo\":{\"@type\":\"ImageObject\",\"inLanguage\":\"de\",\"@id\":\"https:\\\/\\\/msc-werlte.de\\\/#\\\/schema\\\/logo\\\/image\\\/\",\"url\":\"https:\\\/\\\/msc-werlte.de\\\/wp-content\\\/uploads\\\/2022\\\/10\\\/MSC-Werlte_329px_Final.png\",\"contentUrl\":\"https:\\\/\\\/msc-werlte.de\\\/wp-content\\\/uploads\\\/2022\\\/10\\\/MSC-Werlte_329px_Final.png\",\"width\":329,\"height\":329,\"caption\":\"MSC H\u00fcmmling Werlte\"},\"image\":{\"@id\":\"https:\\\/\\\/msc-werlte.de\\\/#\\\/schema\\\/logo\\\/image\\\/\"},\"sameAs\":[\"https:\\\/\\\/www.facebook.com\\\/MscHummlingWerlteEvImAdac\"]}]}<\/script>\n<!-- \/ Yoast SEO plugin. -->","yoast_head_json":{"title":"Impressum & Datenschutzhinweise - MSC H\u00fcmmling Werlte","robots":{"index":"index","follow":"follow","max-snippet":"max-snippet:-1","max-image-preview":"max-image-preview:large","max-video-preview":"max-video-preview:-1"},"canonical":"https:\/\/msc-werlte.de\/index.php\/impressum-datenschutzerklaerung\/","og_locale":"de_DE","og_type":"article","og_title":"Impressum & Datenschutzhinweise - MSC H\u00fcmmling Werlte","og_description":"Impressum &amp; Datenschutzhinweise I.\u00a0\u00a0\u00a0\u00a0\u00a0\u00a0 Name und Anschrift des Verantwortlichen Der Verantwortliche im Sinne des Datenschutzrecht ist die: MSC &#8222;H\u00fcmmling&#8220; Werlte e.V. im ADAC Inh. Josef Hukelmann Bockholter Stra\u00dfe 31a 49757 Werlte Deutschland E-Mail: info@msc-werlte.de Website: www.msc-werlte.de II.\u00a0\u00a0\u00a0\u00a0\u00a0 Allgemeines zur Datenverarbeitung 1.\u00a0\u00a0\u00a0 Umfang der Verarbeitung personenbezogener Daten Wir verarbeiten personenbezogene Daten meiner Nutzer grunds\u00e4tzlich nur, soweit dies zur Bereitstellung einer funktionsf\u00e4higen [&hellip;]","og_url":"https:\/\/msc-werlte.de\/index.php\/impressum-datenschutzerklaerung\/","og_site_name":"MSC H\u00fcmmling Werlte","article_publisher":"https:\/\/www.facebook.com\/MscHummlingWerlteEvImAdac","article_modified_time":"2024-06-17T17:01:08+00:00","twitter_card":"summary_large_image","twitter_misc":{"Gesch\u00e4tzte Lesezeit":"12\u00a0Minuten"},"schema":{"@context":"https:\/\/schema.org","@graph":[{"@type":"WebPage","@id":"https:\/\/msc-werlte.de\/index.php\/impressum-datenschutzerklaerung\/","url":"https:\/\/msc-werlte.de\/index.php\/impressum-datenschutzerklaerung\/","name":"Impressum & Datenschutzhinweise - MSC H\u00fcmmling Werlte","isPartOf":{"@id":"https:\/\/msc-werlte.de\/#website"},"datePublished":"2022-10-29T06:44:22+00:00","dateModified":"2024-06-17T17:01:08+00:00","breadcrumb":{"@id":"https:\/\/msc-werlte.de\/index.php\/impressum-datenschutzerklaerung\/#breadcrumb"},"inLanguage":"de","potentialAction":[{"@type":"ReadAction","target":["https:\/\/msc-werlte.de\/index.php\/impressum-datenschutzerklaerung\/"]}]},{"@type":"BreadcrumbList","@id":"https:\/\/msc-werlte.de\/index.php\/impressum-datenschutzerklaerung\/#breadcrumb","itemListElement":[{"@type":"ListItem","position":1,"name":"Startseite","item":"https:\/\/msc-werlte.de\/"},{"@type":"ListItem","position":2,"name":"Impressum &#038; Datenschutzhinweise"}]},{"@type":"WebSite","@id":"https:\/\/msc-werlte.de\/#website","url":"https:\/\/msc-werlte.de\/","name":"MSC H\u00fcmmling Werlte","description":"","publisher":{"@id":"https:\/\/msc-werlte.de\/#organization"},"potentialAction":[{"@type":"SearchAction","target":{"@type":"EntryPoint","urlTemplate":"https:\/\/msc-werlte.de\/?s={search_term_string}"},"query-input":{"@type":"PropertyValueSpecification","valueRequired":true,"valueName":"search_term_string"}}],"inLanguage":"de"},{"@type":"Organization","@id":"https:\/\/msc-werlte.de\/#organization","name":"MSC H\u00fcmmling Werlte","url":"https:\/\/msc-werlte.de\/","logo":{"@type":"ImageObject","inLanguage":"de","@id":"https:\/\/msc-werlte.de\/#\/schema\/logo\/image\/","url":"https:\/\/msc-werlte.de\/wp-content\/uploads\/2022\/10\/MSC-Werlte_329px_Final.png","contentUrl":"https:\/\/msc-werlte.de\/wp-content\/uploads\/2022\/10\/MSC-Werlte_329px_Final.png","width":329,"height":329,"caption":"MSC H\u00fcmmling Werlte"},"image":{"@id":"https:\/\/msc-werlte.de\/#\/schema\/logo\/image\/"},"sameAs":["https:\/\/www.facebook.com\/MscHummlingWerlteEvImAdac"]}]}},"_links":{"self":[{"href":"https:\/\/msc-werlte.de\/index.php\/wp-json\/wp\/v2\/pages\/3","targetHints":{"allow":["GET"]}}],"collection":[{"href":"https:\/\/msc-werlte.de\/index.php\/wp-json\/wp\/v2\/pages"}],"about":[{"href":"https:\/\/msc-werlte.de\/index.php\/wp-json\/wp\/v2\/types\/page"}],"author":[{"embeddable":true,"href":"https:\/\/msc-werlte.de\/index.php\/wp-json\/wp\/v2\/users\/1"}],"replies":[{"embeddable":true,"href":"https:\/\/msc-werlte.de\/index.php\/wp-json\/wp\/v2\/comments?post=3"}],"version-history":[{"count":3,"href":"https:\/\/msc-werlte.de\/index.php\/wp-json\/wp\/v2\/pages\/3\/revisions"}],"predecessor-version":[{"id":720,"href":"https:\/\/msc-werlte.de\/index.php\/wp-json\/wp\/v2\/pages\/3\/revisions\/720"}],"wp:attachment":[{"href":"https:\/\/msc-werlte.de\/index.php\/wp-json\/wp\/v2\/media?parent=3"}],"curies":[{"name":"wp","href":"https:\/\/api.w.org\/{rel}","templated":true}]}}