{"id":155,"date":"2024-04-01T10:41:40","date_gmt":"2024-04-01T08:41:40","guid":{"rendered":"https:\/\/msc-werlte.de\/?page_id=155"},"modified":"2026-04-21T15:30:09","modified_gmt":"2026-04-21T13:30:09","slug":"unsere-hauptsponsoren","status":"publish","type":"page","link":"https:\/\/msc-werlte.de\/index.php\/sponsoren\/unsere-hauptsponsoren\/","title":{"rendered":"Unsere Hauptsponsoren"},"content":{"rendered":"<table style=\"border-collapse: collapse; width: 99.9961%; height: 2882px;\">\n<tbody>\n<tr style=\"height: 112px;\">\n<td style=\"width: 33.5991%; height: 112px;\"><img loading=\"lazy\" decoding=\"async\" class=\"wp-image-409 aligncenter\" src=\"https:\/\/msc-werlte.de\/wp-content\/uploads\/2024\/04\/Stadt-Werlte2024_100px-300x93.png\" alt=\"\" width=\"265\" height=\"82\" srcset=\"https:\/\/msc-werlte.de\/wp-content\/uploads\/2024\/04\/Stadt-Werlte2024_100px-300x93.png 300w, https:\/\/msc-werlte.de\/wp-content\/uploads\/2024\/04\/Stadt-Werlte2024_100px.png 321w\" sizes=\"auto, (max-width: 265px) 100vw, 265px\" \/><\/p>\n<p>&nbsp;<\/td>\n<td style=\"width: 72.7505%; height: 112px;\">Die Stadt Werlte ist der Verwaltungssitz der Samtgemeinde Werlte im Nordosten des Landkreises Emsland in Niedersachsen.<\/td>\n<\/tr>\n<tr style=\"height: 121px;\">\n<td style=\"width: 33.5991%; height: 121px;\"><img loading=\"lazy\" decoding=\"async\" class=\"aligncenter wp-image-1810 size-medium\" src=\"https:\/\/msc-werlte.de\/wp-content\/uploads\/2026\/04\/logo-deka-neu-2026-300x57.png\" alt=\"\" width=\"300\" height=\"57\" srcset=\"https:\/\/msc-werlte.de\/wp-content\/uploads\/2026\/04\/logo-deka-neu-2026-300x57.png 300w, https:\/\/msc-werlte.de\/wp-content\/uploads\/2026\/04\/logo-deka-neu-2026-1024x195.png 1024w, https:\/\/msc-werlte.de\/wp-content\/uploads\/2026\/04\/logo-deka-neu-2026-768x147.png 768w, https:\/\/msc-werlte.de\/wp-content\/uploads\/2026\/04\/logo-deka-neu-2026-1536x293.png 1536w, https:\/\/msc-werlte.de\/wp-content\/uploads\/2026\/04\/logo-deka-neu-2026-2048x391.png 2048w, https:\/\/msc-werlte.de\/wp-content\/uploads\/2026\/04\/logo-deka-neu-2026-1320x250.png 1320w\" sizes=\"auto, (max-width: 300px) 100vw, 300px\" \/><\/p>\n<p>&nbsp;<\/td>\n<td style=\"width: 72.7505%; height: 121px;\">Ihr Partner rund um T\u00fcren und Fenster aus Kunststoff. Der Sitz des Familienunternehmens befindet sich seit 50 Jahren im ostwestf\u00e4lischen Bielefeld\/J\u00f6llenbek.<\/p>\n<p>&nbsp;<\/td>\n<\/tr>\n<tr style=\"height: 130px;\">\n<td style=\"width: 33.5991%; height: 130px;\"><img loading=\"lazy\" decoding=\"async\" class=\"size-medium wp-image-426 aligncenter\" src=\"https:\/\/msc-werlte.de\/wp-content\/uploads\/2024\/04\/Volks_Raifeisenbank2024_100px-300x70.png\" alt=\"\" width=\"300\" height=\"70\" srcset=\"https:\/\/msc-werlte.de\/wp-content\/uploads\/2024\/04\/Volks_Raifeisenbank2024_100px-300x70.png 300w, https:\/\/msc-werlte.de\/wp-content\/uploads\/2024\/04\/Volks_Raifeisenbank2024_100px.png 430w\" sizes=\"auto, (max-width: 300px) 100vw, 300px\" \/><\/p>\n<p>&nbsp;<\/td>\n<td style=\"width: 72.7505%; height: 130px;\">Die H\u00fcmmlinger Volksbank eG ist eine deutsche Genossenschaftsbank mit Sitz in der nieder-s\u00e4chsischen Stadt Werlte im Landkreis Emsland. Von Girokonto und Finanzierung \u00fcber Geldanlage bis hin zu Versicherungen: Gute und kompetente Beratung erhalten Sie hier.<\/p>\n<p>&nbsp;<\/td>\n<\/tr>\n<tr style=\"height: 145px;\">\n<td style=\"width: 33.5991%; height: 145px;\"><img loading=\"lazy\" decoding=\"async\" class=\"size-medium wp-image-408 aligncenter\" src=\"https:\/\/msc-werlte.de\/wp-content\/uploads\/2024\/04\/Krone-Logo2024_100px-300x47.png\" alt=\"\" width=\"300\" height=\"47\" srcset=\"https:\/\/msc-werlte.de\/wp-content\/uploads\/2024\/04\/Krone-Logo2024_100px-300x47.png 300w, https:\/\/msc-werlte.de\/wp-content\/uploads\/2024\/04\/Krone-Logo2024_100px.png 633w\" sizes=\"auto, (max-width: 300px) 100vw, 300px\" \/><\/p>\n<p>&nbsp;<\/td>\n<td style=\"width: 72.7505%; height: 145px;\"><span class=\"BxUVEf ILfuVd\" lang=\"de\"><span class=\"hgKElc\">Die Krone Nutzfahrzeug-Gruppe ist die Nutzfahrzeugsparte der Bernard Krone Holding SE &amp; Co. KG. Die Firma Krone ist einer der gr\u00f6\u00dften Hersteller von Lkw-Anh\u00e4ngern und Sattelaufliegern in Europa.<\/span><\/span><\/p>\n<p>&nbsp;<\/td>\n<\/tr>\n<tr style=\"height: 130px;\">\n<td style=\"width: 33.5991%; height: 130px;\"><img loading=\"lazy\" decoding=\"async\" class=\"size-full wp-image-412 aligncenter\" src=\"https:\/\/msc-werlte.de\/wp-content\/uploads\/2024\/04\/Opti-Wohnwelt2024_100px.png\" alt=\"\" width=\"226\" height=\"100\" \/><\/p>\n<p>&nbsp;<\/td>\n<td style=\"width: 72.7505%; height: 130px;\">Moderne Designs, vielf\u00e4ltige M\u00f6bel f\u00fcr jeden Wohnraum und jeden Einrichtungsstil findet man im opti- M\u00f6belhaus in Werlte.<\/p>\n<p>&nbsp;<\/td>\n<\/tr>\n<tr style=\"height: 130px;\">\n<td style=\"width: 33.5991%; height: 130px;\"><img loading=\"lazy\" decoding=\"async\" class=\"size-full wp-image-416 aligncenter\" src=\"https:\/\/msc-werlte.de\/wp-content\/uploads\/2024\/04\/Geruestbau-Thyen2024_100px.png\" alt=\"\" width=\"215\" height=\"100\" \/><\/p>\n<p>&nbsp;<\/td>\n<td style=\"width: 72.7505%; height: 130px;\">&#8222;Immer gut ger\u00fcstet&#8220; ist man mit dem Unternehmen Ger\u00fcstbau Thyen, bei dem sich alles um den sicheren und kompetenten Aufbau von Ger\u00fcsten dreht.<\/p>\n<p>&nbsp;<\/td>\n<\/tr>\n<tr style=\"height: 130px;\">\n<td style=\"width: 33.5991%; height: 56px;\"><img loading=\"lazy\" decoding=\"async\" class=\"alignnone wp-image-1269 size-medium\" src=\"https:\/\/msc-werlte.de\/wp-content\/uploads\/2025\/07\/Sportiva-Logo-Banner-300x88.jpg\" alt=\"\" width=\"300\" height=\"88\" srcset=\"https:\/\/msc-werlte.de\/wp-content\/uploads\/2025\/07\/Sportiva-Logo-Banner-300x88.jpg 300w, https:\/\/msc-werlte.de\/wp-content\/uploads\/2025\/07\/Sportiva-Logo-Banner-1024x301.jpg 1024w, https:\/\/msc-werlte.de\/wp-content\/uploads\/2025\/07\/Sportiva-Logo-Banner-768x226.jpg 768w, https:\/\/msc-werlte.de\/wp-content\/uploads\/2025\/07\/Sportiva-Logo-Banner-1536x452.jpg 1536w, https:\/\/msc-werlte.de\/wp-content\/uploads\/2025\/07\/Sportiva-Logo-Banner.jpg 1700w\" sizes=\"auto, (max-width: 300px) 100vw, 300px\" \/><\/p>\n<p>&nbsp;<\/td>\n<td style=\"width: 72.7505%; height: 56px;\">SPORTIVA steht f\u00fcr eine neue Generation leistungsstarker Offroad- und Freizeitfahrzeuge \u2013 gebaut in enger Zusammenarbeit mit Jiangsu LINHAI Power Machinery Group Co., Ltd., einem der weltweit f\u00fchrenden Hersteller im Powersport-Segment. Was du bekommst: modernste Fertigung, kompromisslose Qualit\u00e4t und ein Fahrgef\u00fchl, das dich packt.<\/p>\n<p>&nbsp;<\/td>\n<\/tr>\n<tr style=\"height: 136px;\">\n<td style=\"width: 33.5991%; height: 136px;\"><img loading=\"lazy\" decoding=\"async\" class=\"alignnone wp-image-1182 size-medium\" src=\"https:\/\/msc-werlte.de\/wp-content\/uploads\/2025\/03\/logo-niermann-2025-300x115.jpg\" alt=\"\" width=\"300\" height=\"115\" srcset=\"https:\/\/msc-werlte.de\/wp-content\/uploads\/2025\/03\/logo-niermann-2025-300x115.jpg 300w, https:\/\/msc-werlte.de\/wp-content\/uploads\/2025\/03\/logo-niermann-2025-1024x393.jpg 1024w, https:\/\/msc-werlte.de\/wp-content\/uploads\/2025\/03\/logo-niermann-2025-768x295.jpg 768w, https:\/\/msc-werlte.de\/wp-content\/uploads\/2025\/03\/logo-niermann-2025.jpg 1068w\" sizes=\"auto, (max-width: 300px) 100vw, 300px\" \/><\/p>\n<p>&nbsp;<\/td>\n<td style=\"width: 72.7505%; height: 136px;\">Wenn es um Holzarbeiten im Nordwesten geht, sind Sie bei Fa. Niermann an der richtigen Adresse. Als Meisterbetrieb bietet das Unternehmen ein breites Spektrum an Leistungen und individuellen Holzbaul\u00f6sungen. Von Dachst\u00fchlen, Dachgauben, Altbausanierungen, Carports, Terrassen bis hin zu individuellen Holzrahmbauten. Firma Niermann ist ein kompetenter Partner mit 100-j\u00e4hriger Erfahrung.<\/p>\n<p>&nbsp;<\/td>\n<\/tr>\n<tr style=\"height: 117px;\">\n<td style=\"width: 33.5991%; height: 117px;\"><img loading=\"lazy\" decoding=\"async\" class=\"wp-image-420 aligncenter\" src=\"https:\/\/msc-werlte.de\/wp-content\/uploads\/2024\/04\/Poms2024_100px-300x87.png\" alt=\"\" width=\"259\" height=\"75\" srcset=\"https:\/\/msc-werlte.de\/wp-content\/uploads\/2024\/04\/Poms2024_100px-300x87.png 300w, https:\/\/msc-werlte.de\/wp-content\/uploads\/2024\/04\/Poms2024_100px.png 344w\" sizes=\"auto, (max-width: 259px) 100vw, 259px\" \/><\/p>\n<p>&nbsp;<\/td>\n<td style=\"width: 72.7505%; height: 117px;\">Vom selbstgemachten Fr\u00fchst\u00fcck \u00fcber Lunch, BBQ, Kuchen und Kaffee bishin zu einem entspannten Glas Wein k\u00f6nnt ihr bei POM\u00b4s in Werlte alles genie\u00dfen.<\/p>\n<p>&nbsp;<\/td>\n<\/tr>\n<tr style=\"height: 180px;\">\n<td style=\"width: 33.5991%; height: 180px;\"><img loading=\"lazy\" decoding=\"async\" class=\"size-full wp-image-421 aligncenter\" src=\"https:\/\/msc-werlte.de\/wp-content\/uploads\/2024\/04\/WMK2024_100px.png\" alt=\"\" width=\"217\" height=\"100\" \/><\/p>\n<p>&nbsp;<\/td>\n<td style=\"width: 72.7505%; height: 180px;\">Ihr Premium-Objekteinrichtungs-Hersteller spezialisiert auf feinste Einrichtungen nach Ma\u00df. Zum Beispiel f\u00fcr Luxus-Wohntower, Penth\u00e4user, Hotels sowie Ferienvillen, Gastronomie, B\u00fcro, Banken, Praxen und anspruchsvolle Kunden-projekte, vor allem in Deutschland und den Niederlanden.<\/p>\n<p>&nbsp;<\/td>\n<\/tr>\n<tr>\n<td style=\"width: 33.5991%;\"><img loading=\"lazy\" decoding=\"async\" class=\"alignnone wp-image-1772 size-medium\" src=\"https:\/\/msc-werlte.de\/wp-content\/uploads\/2026\/04\/JOB-BETT_Logo-2024-300x67.png\" alt=\"\" width=\"300\" height=\"67\" srcset=\"https:\/\/msc-werlte.de\/wp-content\/uploads\/2026\/04\/JOB-BETT_Logo-2024-300x67.png 300w, https:\/\/msc-werlte.de\/wp-content\/uploads\/2026\/04\/JOB-BETT_Logo-2024-1024x228.png 1024w, https:\/\/msc-werlte.de\/wp-content\/uploads\/2026\/04\/JOB-BETT_Logo-2024-768x171.png 768w, https:\/\/msc-werlte.de\/wp-content\/uploads\/2026\/04\/JOB-BETT_Logo-2024-1536x342.png 1536w, https:\/\/msc-werlte.de\/wp-content\/uploads\/2026\/04\/JOB-BETT_Logo-2024-2048x455.png 2048w\" sizes=\"auto, (max-width: 300px) 100vw, 300px\" \/><\/p>\n<p>&nbsp;<\/td>\n<td style=\"width: 72.7505%;\">Ihr Partner f\u00fcr Premium Schlafsysteme:<\/p>\n<p>JOB-BETT verbindet Premium-Schlafsysteme mit Gesundheits-Benefits f\u00fcr Unternehmen. Investieren Sie in erholsameren Schlaf Ihrer Mitarbeitenden \u2013 ohne zus\u00e4tzliche Kosten oder Risiko f\u00fcr Ihr Unternehmen.<\/p>\n<p>&nbsp;<\/td>\n<\/tr>\n<tr style=\"height: 94px;\">\n<td style=\"width: 33.5991%; height: 94px;\"><img loading=\"lazy\" decoding=\"async\" class=\"wp-image-1809 aligncenter\" src=\"https:\/\/msc-werlte.de\/wp-content\/uploads\/2026\/04\/Aj-logo-blau-300x272.png\" alt=\"\" width=\"111\" height=\"101\" srcset=\"https:\/\/msc-werlte.de\/wp-content\/uploads\/2026\/04\/Aj-logo-blau-300x272.png 300w, https:\/\/msc-werlte.de\/wp-content\/uploads\/2026\/04\/Aj-logo-blau-1024x929.png 1024w, https:\/\/msc-werlte.de\/wp-content\/uploads\/2026\/04\/Aj-logo-blau-768x697.png 768w, https:\/\/msc-werlte.de\/wp-content\/uploads\/2026\/04\/Aj-logo-blau-1536x1394.png 1536w, https:\/\/msc-werlte.de\/wp-content\/uploads\/2026\/04\/Aj-logo-blau-2048x1859.png 2048w\" sizes=\"auto, (max-width: 111px) 100vw, 111px\" \/><\/p>\n<p>&nbsp;<\/td>\n<td style=\"width: 72.7505%; height: 94px;\"><em>AJ<\/em> MARKETING ist deine Online Marketing Agentur im Emsland. Unser Partner skaliert dein Business mit Social <em>Media<\/em>, Performance Ads &amp; Recruiting.<\/p>\n<p>&nbsp;<\/td>\n<\/tr>\n<tr style=\"height: 106px;\">\n<td style=\"width: 33.5991%; height: 106px;\"><img loading=\"lazy\" decoding=\"async\" class=\"size-medium wp-image-422 aligncenter\" src=\"https:\/\/msc-werlte.de\/wp-content\/uploads\/2024\/04\/Friedemann2024_100px-300x76.png\" alt=\"\" width=\"300\" height=\"76\" srcset=\"https:\/\/msc-werlte.de\/wp-content\/uploads\/2024\/04\/Friedemann2024_100px-300x76.png 300w, https:\/\/msc-werlte.de\/wp-content\/uploads\/2024\/04\/Friedemann2024_100px.png 396w\" sizes=\"auto, (max-width: 300px) 100vw, 300px\" \/><\/p>\n<p>&nbsp;<\/td>\n<td style=\"width: 72.7505%; height: 106px;\">Ihre Experten auf dem Gebiet der Zerspanungs- und Fertigungstechnik. Mit Sitz im emsl\u00e4ndischen Werlte werden individuelle, zeichnungsgerechte Teile f\u00fcr verschiedenste Branchen und deren Anforderungen erstellt: Ob f\u00fcr die Entsorgungs-technik, f\u00fcr den Ladekranbau, f\u00fcr Landmaschinen, den Anlagenbau oder den Sondermaschinenbau.<\/p>\n<p>&nbsp;<\/td>\n<\/tr>\n<tr style=\"height: 122px;\">\n<td style=\"width: 33.5991%; height: 122px;\"><img loading=\"lazy\" decoding=\"async\" class=\" wp-image-423 aligncenter\" src=\"https:\/\/msc-werlte.de\/wp-content\/uploads\/2024\/04\/ESK2024_100px.png\" alt=\"\" width=\"184\" height=\"81\" \/><\/p>\n<p>&nbsp;<\/td>\n<td style=\"width: 72.7505%; height: 122px;\">Ihr Partner rund um ein kluges und zukunfts-orientiertes Energiemanagement. Hier erhalten Privat- und Gewerbekunden ein abgestimmtes Gesamtkonzept im Hinblick auf beste Energieoptimierung.<\/p>\n<p>&nbsp;<\/td>\n<\/tr>\n<tr style=\"height: 100px;\">\n<td style=\"width: 33.5991%; height: 100px;\"><img loading=\"lazy\" decoding=\"async\" class=\" wp-image-1811\" src=\"https:\/\/msc-werlte.de\/wp-content\/uploads\/2026\/04\/toebben-Logo-quer-300x137.jpg\" alt=\"\" width=\"219\" height=\"100\" srcset=\"https:\/\/msc-werlte.de\/wp-content\/uploads\/2026\/04\/toebben-Logo-quer-300x137.jpg 300w, https:\/\/msc-werlte.de\/wp-content\/uploads\/2026\/04\/toebben-Logo-quer-1024x468.jpg 1024w, https:\/\/msc-werlte.de\/wp-content\/uploads\/2026\/04\/toebben-Logo-quer-768x351.jpg 768w, https:\/\/msc-werlte.de\/wp-content\/uploads\/2026\/04\/toebben-Logo-quer-1536x702.jpg 1536w, https:\/\/msc-werlte.de\/wp-content\/uploads\/2026\/04\/toebben-Logo-quer-2048x936.jpg 2048w\" sizes=\"auto, (max-width: 219px) 100vw, 219px\" \/><\/p>\n<p>&nbsp;<\/td>\n<td style=\"width: 72.7505%; height: 100px;\">\n<div class=\"TzHB6b cLjAic K7khPe\" data-hveid=\"CHEQAA\" data-ved=\"2ahUKEwiFpOfi5PmFAxVShv0HHf2hAF4QubsFKAB6BAhxEAA\">\n<div>\n<div class=\"sATSHe\">\n<div>\n<div class=\"g Ww4FFb vt6azd tF2Cxc asEBEc\" lang=\"de\" data-hveid=\"CFUQAA\" data-ved=\"2ahUKEwiFpOfi5PmFAxVShv0HHf2hAF4QFSgAegQIVRAA\">\n<div class=\"N54PNb BToiNc cvP2Ce\" data-snc=\"f4RQQe\">\n<div class=\"kb0PBd cvP2Ce A9Y9g\" data-snf=\"nke7rc\" data-sncf=\"1\">\n<div class=\"VwiC3b yXK7lf lVm3ye r025kc hJNv6b Hdw6tb\"><\/div>\n<div><\/div>\n<\/div>\n<\/div>\n<\/div>\n<\/div>\n<\/div>\n<\/div>\n<\/div>\n<\/td>\n<\/tr>\n<tr style=\"height: 104px;\">\n<td style=\"width: 33.5991%; height: 104px;\"><img loading=\"lazy\" decoding=\"async\" class=\"wp-image-425 aligncenter\" src=\"https:\/\/msc-werlte.de\/wp-content\/uploads\/2024\/04\/Nordpol2024_100px-300x84.png\" alt=\"\" width=\"264\" height=\"74\" srcset=\"https:\/\/msc-werlte.de\/wp-content\/uploads\/2024\/04\/Nordpol2024_100px-300x84.png 300w, https:\/\/msc-werlte.de\/wp-content\/uploads\/2024\/04\/Nordpol2024_100px.png 357w\" sizes=\"auto, (max-width: 264px) 100vw, 264px\" \/><\/p>\n<p>&nbsp;<\/td>\n<td style=\"width: 72.7505%; height: 104px;\">Ihr Partner rund um Energiesysteme und Bautechnik. Beste und effiziente Energiel\u00f6sungen mittels Solarstromanlagen, Speichertechnik, Solarcarports, Sonnend\u00e4cher und E-Mobilit\u00e4t bietet Ihnen unser Partner der Firma Nordpol.<\/p>\n<p>&nbsp;<\/td>\n<\/tr>\n<tr style=\"height: 130px;\">\n<td style=\"width: 33.5991%; height: 130px;\"><img loading=\"lazy\" decoding=\"async\" class=\"alignnone wp-image-1183 size-medium\" src=\"https:\/\/msc-werlte.de\/wp-content\/uploads\/2025\/03\/logo-diy-2025-300x183.jpg\" alt=\"\" width=\"300\" height=\"183\" srcset=\"https:\/\/msc-werlte.de\/wp-content\/uploads\/2025\/03\/logo-diy-2025-300x183.jpg 300w, https:\/\/msc-werlte.de\/wp-content\/uploads\/2025\/03\/logo-diy-2025.jpg 671w\" sizes=\"auto, (max-width: 300px) 100vw, 300px\" \/><\/p>\n<p>&nbsp;<\/td>\n<td style=\"width: 72.7505%; height: 130px;\">Ihr kompetenter Fachmarkt in den Bereichen Bauen, Renovieren, Heimwerken und Garten in Werlte.<\/p>\n<p>&nbsp;<\/p>\n<p>&nbsp;<\/td>\n<\/tr>\n<tr style=\"height: 132px;\">\n<td style=\"width: 33.5991%; height: 132px;\"><img loading=\"lazy\" decoding=\"async\" class=\" wp-image-431 aligncenter\" src=\"https:\/\/msc-werlte.de\/wp-content\/uploads\/2024\/04\/Maschinenbau-Kaiser2024_100px-300x92.png\" alt=\"\" width=\"284\" height=\"87\" srcset=\"https:\/\/msc-werlte.de\/wp-content\/uploads\/2024\/04\/Maschinenbau-Kaiser2024_100px-300x92.png 300w, https:\/\/msc-werlte.de\/wp-content\/uploads\/2024\/04\/Maschinenbau-Kaiser2024_100px.png 326w\" sizes=\"auto, (max-width: 284px) 100vw, 284px\" \/><\/p>\n<p>&nbsp;<\/td>\n<td style=\"width: 72.7505%; height: 132px;\">Maschinenbau GmbH Manfred Kaiser steht seit \u00fcber drei\u00dfig Jahren f\u00fcr kompetenten Service und professionelle Beratung, hohen technischen Standard und aktuelle Technik in den Anbauwerkzeugen der Baumaschinenbranche.<\/p>\n<p>&nbsp;<\/td>\n<\/tr>\n<tr style=\"height: 141px;\">\n<td style=\"width: 33.5991%; height: 141px;\"><img loading=\"lazy\" decoding=\"async\" class=\" wp-image-447 aligncenter\" src=\"https:\/\/msc-werlte.de\/wp-content\/uploads\/2024\/04\/MacTimme2024_100px.png\" alt=\"\" width=\"111\" height=\"111\" \/><\/p>\n<p>&nbsp;<\/td>\n<td style=\"width: 72.7505%; height: 141px;\"><span class=\"wixui-rich-text__text\">McDonald\u2019s Timme ist ein Familienunternehmen mit Restaurants im Raum Cloppenburg und Leipzig<\/span>. Das Unternehmen ist Franchisegeber von weltweit vertretenen Schnellrestaurants -auch in Werlte.<\/p>\n<p>&nbsp;<\/td>\n<\/tr>\n<tr style=\"height: 152px;\">\n<td style=\"width: 33.5991%; height: 152px;\"><img loading=\"lazy\" decoding=\"async\" class=\"wp-image-1774 aligncenter\" src=\"https:\/\/msc-werlte.de\/wp-content\/uploads\/2026\/04\/peters-vrees-PrimaerLogo-Vollfarbe-275x300.png\" alt=\"\" width=\"140\" height=\"153\" srcset=\"https:\/\/msc-werlte.de\/wp-content\/uploads\/2026\/04\/peters-vrees-PrimaerLogo-Vollfarbe-275x300.png 275w, https:\/\/msc-werlte.de\/wp-content\/uploads\/2026\/04\/peters-vrees-PrimaerLogo-Vollfarbe-939x1024.png 939w, https:\/\/msc-werlte.de\/wp-content\/uploads\/2026\/04\/peters-vrees-PrimaerLogo-Vollfarbe-768x837.png 768w, https:\/\/msc-werlte.de\/wp-content\/uploads\/2026\/04\/peters-vrees-PrimaerLogo-Vollfarbe-1409x1536.png 1409w, https:\/\/msc-werlte.de\/wp-content\/uploads\/2026\/04\/peters-vrees-PrimaerLogo-Vollfarbe-1879x2048.png 1879w\" sizes=\"auto, (max-width: 140px) 100vw, 140px\" \/><\/p>\n<p>&nbsp;<\/td>\n<td style=\"width: 72.7505%; height: 152px;\"><span class=\"xr_tl xr_s0\">Die Firma Peters Erd- und Stra\u00dfenbau GmbH ist <\/span><span class=\"xr_tl xr_s0\">ein Partner f\u00fcr Auftraggeber im privaten und \u00f6ffentlichen\u00a0<\/span><span class=\"xr_tl xr_s0\">Bereich. Das Leistungsspektrum des Unternehmens erstreckt sich \u00fcber den Erd-,\u00a0<\/span><span class=\"xr_tl xr_s0\">Deponie-, Kanal- und Wasserbau bis hin zum Stra\u00dfenbau.<\/span><\/p>\n<p>&nbsp;<\/td>\n<\/tr>\n<tr style=\"height: 141px;\">\n<td style=\"width: 33.5991%; height: 141px;\"><img loading=\"lazy\" decoding=\"async\" class=\"size-full wp-image-424 aligncenter\" src=\"https:\/\/msc-werlte.de\/wp-content\/uploads\/2024\/04\/ATS2024_100px.png\" alt=\"\" width=\"124\" height=\"100\" \/><\/p>\n<p>&nbsp;<\/td>\n<td style=\"width: 72.7505%; height: 141px;\">\n<div class=\"col-md-10 col-md-offset-1\">\n<div class=\"special-offer\">\n<div class=\"row\">\n<div class=\"col-md-12 col-sm-12\">\n<div class=\"g-heading-v11 text-center g-mb-70\">\n<p>Ihr Partner f\u00fcr einen sicheren und zuverl\u00e4ssigen Transport. Die Spedition mit seinem Sitz in der Kreisstadt Westerstede f\u00e4hrt f\u00fcr Sie Tag f\u00fcr Tag &#8211; Nacht f\u00fcr Nacht &#8211; kompetent und schnell.<\/p>\n<\/div>\n<\/div>\n<\/div>\n<\/div>\n<\/div>\n<p>Die Firma ist ebenfalls Lieferant unserer Airfences.<\/p>\n<p>&nbsp;<\/td>\n<\/tr>\n<tr style=\"height: 90px;\">\n<td style=\"width: 33.5991%; height: 94px;\"><img loading=\"lazy\" decoding=\"async\" class=\"size-medium wp-image-410 aligncenter\" src=\"https:\/\/msc-werlte.de\/wp-content\/uploads\/2024\/04\/Moto-Center-Werlte2024_100px-300x60.png\" alt=\"\" width=\"300\" height=\"60\" srcset=\"https:\/\/msc-werlte.de\/wp-content\/uploads\/2024\/04\/Moto-Center-Werlte2024_100px-300x60.png 300w, https:\/\/msc-werlte.de\/wp-content\/uploads\/2024\/04\/Moto-Center-Werlte2024_100px.png 503w\" sizes=\"auto, (max-width: 300px) 100vw, 300px\" \/><\/p>\n<p>&nbsp;<\/td>\n<td style=\"width: 72.7505%; height: 94px;\">Ihr Fachgesch\u00e4ft rund um Motorr\u00e4der, Quads, Roller, E-Roller. Kompetente Fachberatung sowie qualit\u00e4tsvolle und sichere Reparaturen stehen hier an erster Stelle.<\/p>\n<p>&nbsp;<\/td>\n<\/tr>\n<tr style=\"height: 75px;\">\n<td style=\"width: 33.5991%; height: 75px;\"><img loading=\"lazy\" decoding=\"async\" class=\"wp-image-818 aligncenter\" src=\"https:\/\/msc-werlte.de\/wp-content\/uploads\/2024\/07\/Augustin-Aufkleber_3x-300x107.jpg\" alt=\"\" width=\"184\" height=\"66\" srcset=\"https:\/\/msc-werlte.de\/wp-content\/uploads\/2024\/07\/Augustin-Aufkleber_3x-300x107.jpg 300w, https:\/\/msc-werlte.de\/wp-content\/uploads\/2024\/07\/Augustin-Aufkleber_3x-1024x364.jpg 1024w, https:\/\/msc-werlte.de\/wp-content\/uploads\/2024\/07\/Augustin-Aufkleber_3x-768x273.jpg 768w, https:\/\/msc-werlte.de\/wp-content\/uploads\/2024\/07\/Augustin-Aufkleber_3x-1536x546.jpg 1536w, https:\/\/msc-werlte.de\/wp-content\/uploads\/2024\/07\/Augustin-Aufkleber_3x-2048x728.jpg 2048w\" sizes=\"auto, (max-width: 184px) 100vw, 184px\" \/><\/p>\n<p>&nbsp;<\/td>\n<td style=\"width: 72.7505%; height: 75px;\"><span style=\"font-size: 16px;\"><span style=\"font-family: arial, helvetica, sans-serif;\">Ihr Experte und Ansprechpartner f\u00fcr Entsorgungsdienstleistungen f\u00fcr Privat, Gewerbe, Industrie und Kommunen. <\/span><\/span><\/p>\n<p>&nbsp;<\/td>\n<\/tr>\n<tr style=\"height: 24px;\">\n<td style=\"width: 33.5991%; height: 24px;\"><img loading=\"lazy\" decoding=\"async\" class=\"wp-image-820 aligncenter\" src=\"https:\/\/msc-werlte.de\/wp-content\/uploads\/2024\/07\/Elektro-Hartung-Aufkleber_1x-300x107.jpg\" alt=\"\" width=\"201\" height=\"72\" srcset=\"https:\/\/msc-werlte.de\/wp-content\/uploads\/2024\/07\/Elektro-Hartung-Aufkleber_1x-300x107.jpg 300w, https:\/\/msc-werlte.de\/wp-content\/uploads\/2024\/07\/Elektro-Hartung-Aufkleber_1x-1024x364.jpg 1024w, https:\/\/msc-werlte.de\/wp-content\/uploads\/2024\/07\/Elektro-Hartung-Aufkleber_1x-768x273.jpg 768w, https:\/\/msc-werlte.de\/wp-content\/uploads\/2024\/07\/Elektro-Hartung-Aufkleber_1x-1536x546.jpg 1536w, https:\/\/msc-werlte.de\/wp-content\/uploads\/2024\/07\/Elektro-Hartung-Aufkleber_1x-2048x728.jpg 2048w\" sizes=\"auto, (max-width: 201px) 100vw, 201px\" \/><\/p>\n<p>&nbsp;<\/td>\n<td style=\"width: 72.7505%; height: 24px;\">Der Elektromeisterbetrieb mit Sitz in Werlte ist euer Ansprechpartner f\u00fcr Elektroarbeiten. Auch in den Bereichen Elektroinstallation, Photovoltaik, SmartHome und BOS-Geb\u00e4udefunk ist diese Firma euer Ansprechpartner.<\/p>\n<p>&nbsp;<\/td>\n<\/tr>\n<tr style=\"height: 113px;\">\n<td style=\"width: 33.5991%; height: 113px;\"><img loading=\"lazy\" decoding=\"async\" class=\"alignnone size-medium wp-image-1262\" src=\"https:\/\/msc-werlte.de\/wp-content\/uploads\/2025\/06\/hensenhaustechnik1-300x136.jpg\" alt=\"\" width=\"300\" height=\"136\" srcset=\"https:\/\/msc-werlte.de\/wp-content\/uploads\/2025\/06\/hensenhaustechnik1-300x136.jpg 300w, https:\/\/msc-werlte.de\/wp-content\/uploads\/2025\/06\/hensenhaustechnik1-1024x465.jpg 1024w, https:\/\/msc-werlte.de\/wp-content\/uploads\/2025\/06\/hensenhaustechnik1-768x349.jpg 768w, https:\/\/msc-werlte.de\/wp-content\/uploads\/2025\/06\/hensenhaustechnik1-1536x698.jpg 1536w, https:\/\/msc-werlte.de\/wp-content\/uploads\/2025\/06\/hensenhaustechnik1-2048x931.jpg 2048w\" sizes=\"auto, (max-width: 300px) 100vw, 300px\" \/><\/td>\n<td style=\"width: 72.7505%; height: 113px;\">Ihr Experte f\u00fcr Sanit\u00e4r, Heizung, Elektro und Klima im Emsland. Von der Planung \u00fcber die Umsetzung bis zum fertigen Ergebnis stehen wir an Ihrer Seite.<\/p>\n<p>&nbsp;<\/td>\n<\/tr>\n<tr>\n<td style=\"width: 33.5991%;\"><img loading=\"lazy\" decoding=\"async\" class=\"alignnone wp-image-1771 size-medium\" src=\"https:\/\/msc-werlte.de\/wp-content\/uploads\/2026\/04\/ESG_Logo_farbe-1-300x82.png\" alt=\"\" width=\"300\" height=\"82\" srcset=\"https:\/\/msc-werlte.de\/wp-content\/uploads\/2026\/04\/ESG_Logo_farbe-1-300x82.png 300w, https:\/\/msc-werlte.de\/wp-content\/uploads\/2026\/04\/ESG_Logo_farbe-1-1024x280.png 1024w, https:\/\/msc-werlte.de\/wp-content\/uploads\/2026\/04\/ESG_Logo_farbe-1-768x210.png 768w, https:\/\/msc-werlte.de\/wp-content\/uploads\/2026\/04\/ESG_Logo_farbe-1.png 1252w\" sizes=\"auto, (max-width: 300px) 100vw, 300px\" \/><\/p>\n<p>&nbsp;<\/td>\n<td style=\"width: 72.7505%;\">\n<div>\n<h3><span style=\"font-size: 14px;\">Sie planen ein Projekt?<\/span><\/h3>\n<p>Die Firma ESG Engineering-Service-Gesellschaft-mbH begleitet Sie von der Idee bis zur Umsetzung \u2013 effizient, wirtschaftlich und \u00e4sthetisch.<\/p>\n<\/div>\n<p><span class=\"_ap3a _aaco _aacu _aacx _aad7 _aade\" dir=\"auto\">Hoch-, Tief- und Industriebauprojekte f\u00fcr private, \u00f6ffentliche und bauausf\u00fchrende Auftraggeber<\/span>.<\/p>\n<p>&nbsp;<\/td>\n<\/tr>\n<tr style=\"height: 97px;\">\n<td style=\"width: 33.5991%; height: 97px;\"><img loading=\"lazy\" decoding=\"async\" class=\"alignnone size-medium wp-image-835\" src=\"https:\/\/msc-werlte.de\/wp-content\/uploads\/2024\/07\/logo-ahlers-pyro-300x105.png\" alt=\"\" width=\"300\" height=\"105\" srcset=\"https:\/\/msc-werlte.de\/wp-content\/uploads\/2024\/07\/logo-ahlers-pyro-300x105.png 300w, https:\/\/msc-werlte.de\/wp-content\/uploads\/2024\/07\/logo-ahlers-pyro-1024x360.png 1024w, https:\/\/msc-werlte.de\/wp-content\/uploads\/2024\/07\/logo-ahlers-pyro-768x270.png 768w, https:\/\/msc-werlte.de\/wp-content\/uploads\/2024\/07\/logo-ahlers-pyro-1536x539.png 1536w, https:\/\/msc-werlte.de\/wp-content\/uploads\/2024\/07\/logo-ahlers-pyro.png 2002w\" sizes=\"auto, (max-width: 300px) 100vw, 300px\" \/><\/p>\n<p>&nbsp;<\/td>\n<td style=\"width: 72.7505%; height: 97px;\">Euer Fachbetrieb, wenn es um spektakul\u00e4re und einzigartige Pyrotechnik geht. Feuerwerke, Laser- oder Flammenshows bietet Fa. Ahlers Pyrotechnik aus Westerstede f\u00fcr euch an.<\/p>\n<p>&nbsp;<\/td>\n<\/tr>\n<\/tbody>\n<\/table>\n<p>&nbsp;<\/p>\n<p>&nbsp;<\/p>\n<div class=\"shariff\" data-services=\"facebook\" data-url=\"https:\/\/msc-werlte.de\/index.php\/sponsoren\/unsere-hauptsponsoren\/\" data-timestamp=\"1776785409\" data-backendurl=\"https:\/\/msc-werlte.de\/wp-json\/shariff\/v1\/share_counts?\"><ul class=\"shariff-buttons theme-default orientation-horizontal buttonsize-medium\"><li class=\"shariff-button facebook shariff-nocustomcolor\" style=\"background-color:#4273c8\"><a href=\"https:\/\/www.facebook.com\/sharer\/sharer.php?u=https%3A%2F%2Fmsc-werlte.de%2Findex.php%2Fsponsoren%2Funsere-hauptsponsoren%2F\" title=\"Bei Facebook teilen\" aria-label=\"Bei Facebook teilen\" role=\"button\" rel=\"nofollow\" class=\"shariff-link\" style=\"; background-color:#3b5998; color:#fff\" target=\"_blank\"><span class=\"shariff-icon\" style=\"\"><svg width=\"32px\" height=\"20px\" xmlns=\"http:\/\/www.w3.org\/2000\/svg\" viewBox=\"0 0 18 32\"><path fill=\"#3b5998\" d=\"M17.1 0.2v4.7h-2.8q-1.5 0-2.1 0.6t-0.5 1.9v3.4h5.2l-0.7 5.3h-4.5v13.6h-5.5v-13.6h-4.5v-5.3h4.5v-3.9q0-3.3 1.9-5.2t5-1.8q2.6 0 4.1 0.2z\"\/><\/svg><\/span><span class=\"shariff-text\">teilen<\/span>&nbsp;<span data-service=\"facebook\" style=\"color:#3b5998\" class=\"shariff-count shariff-hidezero\"><\/span>&nbsp;<\/a><\/li><\/ul><\/div>","protected":false},"excerpt":{"rendered":"<p>&nbsp; Die Stadt Werlte ist der Verwaltungssitz der Samtgemeinde Werlte im Nordosten des Landkreises Emsland in Niedersachsen. &nbsp; Ihr Partner rund um T\u00fcren und Fenster aus Kunststoff. Der Sitz des Familienunternehmens befindet sich seit 50 Jahren im ostwestf\u00e4lischen Bielefeld\/J\u00f6llenbek. &nbsp; &nbsp; Die H\u00fcmmlinger Volksbank eG ist eine deutsche Genossenschaftsbank mit Sitz in der nieder-s\u00e4chsischen Stadt Werlte im Landkreis Emsland. Von [&hellip;]<\/p>\n","protected":false},"author":1,"featured_media":0,"parent":153,"menu_order":0,"comment_status":"closed","ping_status":"closed","template":"","meta":{"footnotes":""},"class_list":["post-155","page","type-page","status-publish","hentry"],"yoast_head":"<!-- This site is optimized with the Yoast SEO plugin v27.5 - https:\/\/yoast.com\/product\/yoast-seo-wordpress\/ -->\n<title>Unsere Hauptsponsoren - MSC H\u00fcmmling Werlte<\/title>\n<meta name=\"robots\" content=\"index, follow, max-snippet:-1, max-image-preview:large, max-video-preview:-1\" \/>\n<link rel=\"canonical\" href=\"https:\/\/msc-werlte.de\/index.php\/sponsoren\/unsere-hauptsponsoren\/\" \/>\n<meta property=\"og:locale\" content=\"de_DE\" \/>\n<meta property=\"og:type\" content=\"article\" \/>\n<meta property=\"og:title\" content=\"Unsere Hauptsponsoren - MSC H\u00fcmmling Werlte\" \/>\n<meta property=\"og:description\" content=\"&nbsp; Die Stadt Werlte ist der Verwaltungssitz der Samtgemeinde Werlte im Nordosten des Landkreises Emsland in Niedersachsen. &nbsp; Ihr Partner rund um T\u00fcren und Fenster aus Kunststoff. Der Sitz des Familienunternehmens befindet sich seit 50 Jahren im ostwestf\u00e4lischen Bielefeld\/J\u00f6llenbek. &nbsp; &nbsp; Die H\u00fcmmlinger Volksbank eG ist eine deutsche Genossenschaftsbank mit Sitz in der nieder-s\u00e4chsischen Stadt Werlte im Landkreis Emsland. Von [&hellip;]\" \/>\n<meta property=\"og:url\" content=\"https:\/\/msc-werlte.de\/index.php\/sponsoren\/unsere-hauptsponsoren\/\" \/>\n<meta property=\"og:site_name\" content=\"MSC H\u00fcmmling Werlte\" \/>\n<meta property=\"article:publisher\" content=\"https:\/\/www.facebook.com\/MscHummlingWerlteEvImAdac\" \/>\n<meta property=\"article:modified_time\" content=\"2026-04-21T13:30:09+00:00\" \/>\n<meta property=\"og:image\" content=\"https:\/\/msc-werlte.de\/wp-content\/uploads\/2024\/04\/Stadt-Werlte2024_100px.png\" \/>\n\t<meta property=\"og:image:width\" content=\"321\" \/>\n\t<meta property=\"og:image:height\" content=\"100\" \/>\n\t<meta property=\"og:image:type\" content=\"image\/png\" \/>\n<meta name=\"twitter:card\" content=\"summary_large_image\" \/>\n<meta name=\"twitter:label1\" content=\"Gesch\u00e4tzte Lesezeit\" \/>\n\t<meta name=\"twitter:data1\" content=\"10\u00a0Minuten\" \/>\n<script type=\"application\/ld+json\" class=\"yoast-schema-graph\">{\"@context\":\"https:\\\/\\\/schema.org\",\"@graph\":[{\"@type\":\"WebPage\",\"@id\":\"https:\\\/\\\/msc-werlte.de\\\/index.php\\\/sponsoren\\\/unsere-hauptsponsoren\\\/\",\"url\":\"https:\\\/\\\/msc-werlte.de\\\/index.php\\\/sponsoren\\\/unsere-hauptsponsoren\\\/\",\"name\":\"Unsere Hauptsponsoren - MSC H\u00fcmmling Werlte\",\"isPartOf\":{\"@id\":\"https:\\\/\\\/msc-werlte.de\\\/#website\"},\"primaryImageOfPage\":{\"@id\":\"https:\\\/\\\/msc-werlte.de\\\/index.php\\\/sponsoren\\\/unsere-hauptsponsoren\\\/#primaryimage\"},\"image\":{\"@id\":\"https:\\\/\\\/msc-werlte.de\\\/index.php\\\/sponsoren\\\/unsere-hauptsponsoren\\\/#primaryimage\"},\"thumbnailUrl\":\"https:\\\/\\\/msc-werlte.de\\\/wp-content\\\/uploads\\\/2024\\\/04\\\/Stadt-Werlte2024_100px-300x93.png\",\"datePublished\":\"2024-04-01T08:41:40+00:00\",\"dateModified\":\"2026-04-21T13:30:09+00:00\",\"breadcrumb\":{\"@id\":\"https:\\\/\\\/msc-werlte.de\\\/index.php\\\/sponsoren\\\/unsere-hauptsponsoren\\\/#breadcrumb\"},\"inLanguage\":\"de\",\"potentialAction\":[{\"@type\":\"ReadAction\",\"target\":[\"https:\\\/\\\/msc-werlte.de\\\/index.php\\\/sponsoren\\\/unsere-hauptsponsoren\\\/\"]}]},{\"@type\":\"ImageObject\",\"inLanguage\":\"de\",\"@id\":\"https:\\\/\\\/msc-werlte.de\\\/index.php\\\/sponsoren\\\/unsere-hauptsponsoren\\\/#primaryimage\",\"url\":\"https:\\\/\\\/msc-werlte.de\\\/wp-content\\\/uploads\\\/2024\\\/04\\\/Stadt-Werlte2024_100px.png\",\"contentUrl\":\"https:\\\/\\\/msc-werlte.de\\\/wp-content\\\/uploads\\\/2024\\\/04\\\/Stadt-Werlte2024_100px.png\",\"width\":321,\"height\":100},{\"@type\":\"BreadcrumbList\",\"@id\":\"https:\\\/\\\/msc-werlte.de\\\/index.php\\\/sponsoren\\\/unsere-hauptsponsoren\\\/#breadcrumb\",\"itemListElement\":[{\"@type\":\"ListItem\",\"position\":1,\"name\":\"Startseite\",\"item\":\"https:\\\/\\\/msc-werlte.de\\\/\"},{\"@type\":\"ListItem\",\"position\":2,\"name\":\"Sponsoren\",\"item\":\"https:\\\/\\\/msc-werlte.de\\\/index.php\\\/sponsoren\\\/\"},{\"@type\":\"ListItem\",\"position\":3,\"name\":\"Unsere Hauptsponsoren\"}]},{\"@type\":\"WebSite\",\"@id\":\"https:\\\/\\\/msc-werlte.de\\\/#website\",\"url\":\"https:\\\/\\\/msc-werlte.de\\\/\",\"name\":\"MSC H\u00fcmmling Werlte\",\"description\":\"\",\"publisher\":{\"@id\":\"https:\\\/\\\/msc-werlte.de\\\/#organization\"},\"potentialAction\":[{\"@type\":\"SearchAction\",\"target\":{\"@type\":\"EntryPoint\",\"urlTemplate\":\"https:\\\/\\\/msc-werlte.de\\\/?s={search_term_string}\"},\"query-input\":{\"@type\":\"PropertyValueSpecification\",\"valueRequired\":true,\"valueName\":\"search_term_string\"}}],\"inLanguage\":\"de\"},{\"@type\":\"Organization\",\"@id\":\"https:\\\/\\\/msc-werlte.de\\\/#organization\",\"name\":\"MSC H\u00fcmmling Werlte\",\"url\":\"https:\\\/\\\/msc-werlte.de\\\/\",\"logo\":{\"@type\":\"ImageObject\",\"inLanguage\":\"de\",\"@id\":\"https:\\\/\\\/msc-werlte.de\\\/#\\\/schema\\\/logo\\\/image\\\/\",\"url\":\"https:\\\/\\\/msc-werlte.de\\\/wp-content\\\/uploads\\\/2022\\\/10\\\/MSC-Werlte_329px_Final.png\",\"contentUrl\":\"https:\\\/\\\/msc-werlte.de\\\/wp-content\\\/uploads\\\/2022\\\/10\\\/MSC-Werlte_329px_Final.png\",\"width\":329,\"height\":329,\"caption\":\"MSC H\u00fcmmling Werlte\"},\"image\":{\"@id\":\"https:\\\/\\\/msc-werlte.de\\\/#\\\/schema\\\/logo\\\/image\\\/\"},\"sameAs\":[\"https:\\\/\\\/www.facebook.com\\\/MscHummlingWerlteEvImAdac\"]}]}<\/script>\n<!-- \/ Yoast SEO plugin. -->","yoast_head_json":{"title":"Unsere Hauptsponsoren - MSC H\u00fcmmling Werlte","robots":{"index":"index","follow":"follow","max-snippet":"max-snippet:-1","max-image-preview":"max-image-preview:large","max-video-preview":"max-video-preview:-1"},"canonical":"https:\/\/msc-werlte.de\/index.php\/sponsoren\/unsere-hauptsponsoren\/","og_locale":"de_DE","og_type":"article","og_title":"Unsere Hauptsponsoren - MSC H\u00fcmmling Werlte","og_description":"&nbsp; Die Stadt Werlte ist der Verwaltungssitz der Samtgemeinde Werlte im Nordosten des Landkreises Emsland in Niedersachsen. &nbsp; Ihr Partner rund um T\u00fcren und Fenster aus Kunststoff. Der Sitz des Familienunternehmens befindet sich seit 50 Jahren im ostwestf\u00e4lischen Bielefeld\/J\u00f6llenbek. &nbsp; &nbsp; Die H\u00fcmmlinger Volksbank eG ist eine deutsche Genossenschaftsbank mit Sitz in der nieder-s\u00e4chsischen Stadt Werlte im Landkreis Emsland. Von [&hellip;]","og_url":"https:\/\/msc-werlte.de\/index.php\/sponsoren\/unsere-hauptsponsoren\/","og_site_name":"MSC H\u00fcmmling Werlte","article_publisher":"https:\/\/www.facebook.com\/MscHummlingWerlteEvImAdac","article_modified_time":"2026-04-21T13:30:09+00:00","og_image":[{"width":321,"height":100,"url":"https:\/\/msc-werlte.de\/wp-content\/uploads\/2024\/04\/Stadt-Werlte2024_100px.png","type":"image\/png"}],"twitter_card":"summary_large_image","twitter_misc":{"Gesch\u00e4tzte Lesezeit":"10\u00a0Minuten"},"schema":{"@context":"https:\/\/schema.org","@graph":[{"@type":"WebPage","@id":"https:\/\/msc-werlte.de\/index.php\/sponsoren\/unsere-hauptsponsoren\/","url":"https:\/\/msc-werlte.de\/index.php\/sponsoren\/unsere-hauptsponsoren\/","name":"Unsere Hauptsponsoren - MSC H\u00fcmmling Werlte","isPartOf":{"@id":"https:\/\/msc-werlte.de\/#website"},"primaryImageOfPage":{"@id":"https:\/\/msc-werlte.de\/index.php\/sponsoren\/unsere-hauptsponsoren\/#primaryimage"},"image":{"@id":"https:\/\/msc-werlte.de\/index.php\/sponsoren\/unsere-hauptsponsoren\/#primaryimage"},"thumbnailUrl":"https:\/\/msc-werlte.de\/wp-content\/uploads\/2024\/04\/Stadt-Werlte2024_100px-300x93.png","datePublished":"2024-04-01T08:41:40+00:00","dateModified":"2026-04-21T13:30:09+00:00","breadcrumb":{"@id":"https:\/\/msc-werlte.de\/index.php\/sponsoren\/unsere-hauptsponsoren\/#breadcrumb"},"inLanguage":"de","potentialAction":[{"@type":"ReadAction","target":["https:\/\/msc-werlte.de\/index.php\/sponsoren\/unsere-hauptsponsoren\/"]}]},{"@type":"ImageObject","inLanguage":"de","@id":"https:\/\/msc-werlte.de\/index.php\/sponsoren\/unsere-hauptsponsoren\/#primaryimage","url":"https:\/\/msc-werlte.de\/wp-content\/uploads\/2024\/04\/Stadt-Werlte2024_100px.png","contentUrl":"https:\/\/msc-werlte.de\/wp-content\/uploads\/2024\/04\/Stadt-Werlte2024_100px.png","width":321,"height":100},{"@type":"BreadcrumbList","@id":"https:\/\/msc-werlte.de\/index.php\/sponsoren\/unsere-hauptsponsoren\/#breadcrumb","itemListElement":[{"@type":"ListItem","position":1,"name":"Startseite","item":"https:\/\/msc-werlte.de\/"},{"@type":"ListItem","position":2,"name":"Sponsoren","item":"https:\/\/msc-werlte.de\/index.php\/sponsoren\/"},{"@type":"ListItem","position":3,"name":"Unsere Hauptsponsoren"}]},{"@type":"WebSite","@id":"https:\/\/msc-werlte.de\/#website","url":"https:\/\/msc-werlte.de\/","name":"MSC H\u00fcmmling Werlte","description":"","publisher":{"@id":"https:\/\/msc-werlte.de\/#organization"},"potentialAction":[{"@type":"SearchAction","target":{"@type":"EntryPoint","urlTemplate":"https:\/\/msc-werlte.de\/?s={search_term_string}"},"query-input":{"@type":"PropertyValueSpecification","valueRequired":true,"valueName":"search_term_string"}}],"inLanguage":"de"},{"@type":"Organization","@id":"https:\/\/msc-werlte.de\/#organization","name":"MSC H\u00fcmmling Werlte","url":"https:\/\/msc-werlte.de\/","logo":{"@type":"ImageObject","inLanguage":"de","@id":"https:\/\/msc-werlte.de\/#\/schema\/logo\/image\/","url":"https:\/\/msc-werlte.de\/wp-content\/uploads\/2022\/10\/MSC-Werlte_329px_Final.png","contentUrl":"https:\/\/msc-werlte.de\/wp-content\/uploads\/2022\/10\/MSC-Werlte_329px_Final.png","width":329,"height":329,"caption":"MSC H\u00fcmmling Werlte"},"image":{"@id":"https:\/\/msc-werlte.de\/#\/schema\/logo\/image\/"},"sameAs":["https:\/\/www.facebook.com\/MscHummlingWerlteEvImAdac"]}]}},"_links":{"self":[{"href":"https:\/\/msc-werlte.de\/index.php\/wp-json\/wp\/v2\/pages\/155","targetHints":{"allow":["GET"]}}],"collection":[{"href":"https:\/\/msc-werlte.de\/index.php\/wp-json\/wp\/v2\/pages"}],"about":[{"href":"https:\/\/msc-werlte.de\/index.php\/wp-json\/wp\/v2\/types\/page"}],"author":[{"embeddable":true,"href":"https:\/\/msc-werlte.de\/index.php\/wp-json\/wp\/v2\/users\/1"}],"replies":[{"embeddable":true,"href":"https:\/\/msc-werlte.de\/index.php\/wp-json\/wp\/v2\/comments?post=155"}],"version-history":[{"count":16,"href":"https:\/\/msc-werlte.de\/index.php\/wp-json\/wp\/v2\/pages\/155\/revisions"}],"predecessor-version":[{"id":1837,"href":"https:\/\/msc-werlte.de\/index.php\/wp-json\/wp\/v2\/pages\/155\/revisions\/1837"}],"up":[{"embeddable":true,"href":"https:\/\/msc-werlte.de\/index.php\/wp-json\/wp\/v2\/pages\/153"}],"wp:attachment":[{"href":"https:\/\/msc-werlte.de\/index.php\/wp-json\/wp\/v2\/media?parent=155"}],"curies":[{"name":"wp","href":"https:\/\/api.w.org\/{rel}","templated":true}]}}