{"id":143,"date":"2024-04-01T10:39:05","date_gmt":"2024-04-01T08:39:05","guid":{"rendered":"https:\/\/msc-werlte.de\/?page_id=143"},"modified":"2025-11-02T17:23:13","modified_gmt":"2025-11-02T16:23:13","slug":"timo-wachs","status":"publish","type":"page","link":"https:\/\/msc-werlte.de\/index.php\/clubfahrer\/timo-wachs\/","title":{"rendered":"Timo Wachs"},"content":{"rendered":"<p><img loading=\"lazy\" decoding=\"async\" class=\"wp-image-535 aligncenter\" src=\"https:\/\/msc-werlte.de\/wp-content\/uploads\/2024\/04\/portrait-timo-wachs.jpeg\" alt=\"\" width=\"281\" height=\"285\" srcset=\"https:\/\/msc-werlte.de\/wp-content\/uploads\/2024\/04\/portrait-timo-wachs.jpeg 2484w, https:\/\/msc-werlte.de\/wp-content\/uploads\/2024\/04\/portrait-timo-wachs-295x300.jpeg 295w, https:\/\/msc-werlte.de\/wp-content\/uploads\/2024\/04\/portrait-timo-wachs-1008x1024.jpeg 1008w, https:\/\/msc-werlte.de\/wp-content\/uploads\/2024\/04\/portrait-timo-wachs-768x780.jpeg 768w, https:\/\/msc-werlte.de\/wp-content\/uploads\/2024\/04\/portrait-timo-wachs-1512x1536.jpeg 1512w, https:\/\/msc-werlte.de\/wp-content\/uploads\/2024\/04\/portrait-timo-wachs-2016x2048.jpeg 2016w\" sizes=\"auto, (max-width: 281px) 100vw, 281px\" \/><\/p>\n<table style=\"width: 105.429%;\">\n<tbody>\n<tr>\n<td style=\"width: 27.8982%;\"><strong>Geburts<\/strong><strong>t<\/strong><strong>ag:<\/strong><\/td>\n<td style=\"width: 77.3875%;\">24.02.2003<\/td>\n<\/tr>\n<tr>\n<td style=\"width: 27.8982%;\"><strong>Wohnort:<\/strong><\/td>\n<td style=\"width: 77.3875%;\">Werlte<\/td>\n<\/tr>\n<tr>\n<td style=\"width: 27.8982%;\"><strong>Hobbies:<\/strong><\/td>\n<td style=\"width: 77.3875%;\">Sport und Motorsport im Allgemeinen<\/td>\n<\/tr>\n<tr>\n<td style=\"width: 27.8982%;\"><strong>Beruf:<\/strong><\/td>\n<td style=\"width: 77.3875%;\">Konstruktionsmechaniker<\/td>\n<\/tr>\n<tr>\n<td style=\"width: 27.8982%;\"><strong>Lieblingsbahn(en):<\/strong><\/td>\n<td style=\"width: 77.3875%;\">M\u00fchldorf, Werlte, Brokstedt<\/td>\n<\/tr>\n<tr>\n<td style=\"width: 27.8982%;\"><strong>Rennfahrer seit:<\/strong><\/td>\n<td style=\"width: 77.3875%;\">2008<\/td>\n<\/tr>\n<tr>\n<td style=\"width: 27.8982%;\"><strong>Gr\u00f6\u00dfter Erfolg:<\/strong><\/td>\n<td style=\"width: 77.3875%;\">Deutscher Langbahnmeister B-Lizenz Solo, 500ccm<\/p>\n<p>U23 Weltmeister 2025<\/td>\n<\/tr>\n<tr>\n<td style=\"width: 27.8982%;\"><strong>Vereine:<\/strong><\/td>\n<td style=\"width: 77.3875%;\">MSC Werlte, MSC Dohren, SC Neuenknick, MSC Brokstedt<\/td>\n<\/tr>\n<tr>\n<td style=\"width: 27.8982%;\"><strong>Erkennungsmerkmal:<\/strong><\/td>\n<td style=\"width: 77.3875%;\">#677<\/td>\n<\/tr>\n<tr>\n<td style=\"width: 27.8982%;\"><strong>Motivationsritual:<\/strong><\/td>\n<td style=\"width: 77.3875%;\">Musik h\u00f6ren<\/td>\n<\/tr>\n<\/tbody>\n<\/table>\n<p>&nbsp;<\/p>\n<p style=\"text-align: center;\"><strong>Homepage Timo Wachs:<\/strong><\/p>\n<p style=\"text-align: center;\">https:\/\/www.facebook.com\/WachsRacing\/?locale=de_DE<\/p>\n<p>&nbsp;<\/p>\n<p>&nbsp;<\/p>\n<div class=\"shariff\" data-services=\"facebook\" data-url=\"https:\/\/msc-werlte.de\/index.php\/clubfahrer\/timo-wachs\/\" data-timestamp=\"1762104193\" data-backendurl=\"https:\/\/msc-werlte.de\/wp-json\/shariff\/v1\/share_counts?\"><ul class=\"shariff-buttons theme-default orientation-horizontal buttonsize-medium\"><li class=\"shariff-button facebook shariff-nocustomcolor\" style=\"background-color:#4273c8\"><a href=\"https:\/\/www.facebook.com\/sharer\/sharer.php?u=https%3A%2F%2Fmsc-werlte.de%2Findex.php%2Fclubfahrer%2Ftimo-wachs%2F\" title=\"Bei Facebook teilen\" aria-label=\"Bei Facebook teilen\" role=\"button\" rel=\"nofollow\" class=\"shariff-link\" style=\"; background-color:#3b5998; color:#fff\" target=\"_blank\"><span class=\"shariff-icon\" style=\"\"><svg width=\"32px\" height=\"20px\" xmlns=\"http:\/\/www.w3.org\/2000\/svg\" viewBox=\"0 0 18 32\"><path fill=\"#3b5998\" d=\"M17.1 0.2v4.7h-2.8q-1.5 0-2.1 0.6t-0.5 1.9v3.4h5.2l-0.7 5.3h-4.5v13.6h-5.5v-13.6h-4.5v-5.3h4.5v-3.9q0-3.3 1.9-5.2t5-1.8q2.6 0 4.1 0.2z\"\/><\/svg><\/span><span class=\"shariff-text\">teilen<\/span>&nbsp;<span data-service=\"facebook\" style=\"color:#3b5998\" class=\"shariff-count shariff-hidezero\"><\/span>&nbsp;<\/a><\/li><\/ul><\/div>","protected":false},"excerpt":{"rendered":"<p>Geburtstag: 24.02.2003 Wohnort: Werlte Hobbies: Sport und Motorsport im Allgemeinen Beruf: Konstruktionsmechaniker Lieblingsbahn(en): M\u00fchldorf, Werlte, Brokstedt Rennfahrer seit: 2008 Gr\u00f6\u00dfter Erfolg: Deutscher Langbahnmeister B-Lizenz Solo, 500ccm U23 Weltmeister 2025 Vereine: MSC Werlte, MSC Dohren, SC Neuenknick, MSC Brokstedt Erkennungsmerkmal: #677 Motivationsritual: Musik h\u00f6ren &nbsp; Homepage Timo Wachs: https:\/\/www.facebook.com\/WachsRacing\/?locale=de_DE &nbsp; &nbsp;<\/p>\n","protected":false},"author":1,"featured_media":0,"parent":133,"menu_order":0,"comment_status":"closed","ping_status":"closed","template":"","meta":{"footnotes":""},"class_list":["post-143","page","type-page","status-publish","hentry"],"yoast_head":"<!-- This site is optimized with the Yoast SEO plugin v27.5 - https:\/\/yoast.com\/product\/yoast-seo-wordpress\/ -->\n<title>Timo Wachs - MSC H\u00fcmmling Werlte<\/title>\n<meta name=\"robots\" content=\"index, follow, max-snippet:-1, max-image-preview:large, max-video-preview:-1\" \/>\n<link rel=\"canonical\" href=\"https:\/\/msc-werlte.de\/index.php\/clubfahrer\/timo-wachs\/\" \/>\n<meta property=\"og:locale\" content=\"de_DE\" \/>\n<meta property=\"og:type\" content=\"article\" \/>\n<meta property=\"og:title\" content=\"Timo Wachs - MSC H\u00fcmmling Werlte\" \/>\n<meta property=\"og:description\" content=\"Geburtstag: 24.02.2003 Wohnort: Werlte Hobbies: Sport und Motorsport im Allgemeinen Beruf: Konstruktionsmechaniker Lieblingsbahn(en): M\u00fchldorf, Werlte, Brokstedt Rennfahrer seit: 2008 Gr\u00f6\u00dfter Erfolg: Deutscher Langbahnmeister B-Lizenz Solo, 500ccm U23 Weltmeister 2025 Vereine: MSC Werlte, MSC Dohren, SC Neuenknick, MSC Brokstedt Erkennungsmerkmal: #677 Motivationsritual: Musik h\u00f6ren &nbsp; Homepage Timo Wachs: https:\/\/www.facebook.com\/WachsRacing\/?locale=de_DE &nbsp; &nbsp;\" \/>\n<meta property=\"og:url\" content=\"https:\/\/msc-werlte.de\/index.php\/clubfahrer\/timo-wachs\/\" \/>\n<meta property=\"og:site_name\" content=\"MSC H\u00fcmmling Werlte\" \/>\n<meta property=\"article:publisher\" content=\"https:\/\/www.facebook.com\/MscHummlingWerlteEvImAdac\" \/>\n<meta property=\"article:modified_time\" content=\"2025-11-02T16:23:13+00:00\" \/>\n<meta property=\"og:image\" content=\"https:\/\/msc-werlte.de\/wp-content\/uploads\/2024\/04\/portrait-timo-wachs.jpeg\" \/>\n\t<meta property=\"og:image:width\" content=\"2484\" \/>\n\t<meta property=\"og:image:height\" content=\"2524\" \/>\n\t<meta property=\"og:image:type\" content=\"image\/jpeg\" \/>\n<meta name=\"twitter:card\" content=\"summary_large_image\" \/>\n<meta name=\"twitter:label1\" content=\"Gesch\u00e4tzte Lesezeit\" \/>\n\t<meta name=\"twitter:data1\" content=\"1\u00a0Minute\" \/>\n<script type=\"application\/ld+json\" class=\"yoast-schema-graph\">{\"@context\":\"https:\\\/\\\/schema.org\",\"@graph\":[{\"@type\":\"WebPage\",\"@id\":\"https:\\\/\\\/msc-werlte.de\\\/index.php\\\/clubfahrer\\\/timo-wachs\\\/\",\"url\":\"https:\\\/\\\/msc-werlte.de\\\/index.php\\\/clubfahrer\\\/timo-wachs\\\/\",\"name\":\"Timo Wachs - MSC H\u00fcmmling Werlte\",\"isPartOf\":{\"@id\":\"https:\\\/\\\/msc-werlte.de\\\/#website\"},\"primaryImageOfPage\":{\"@id\":\"https:\\\/\\\/msc-werlte.de\\\/index.php\\\/clubfahrer\\\/timo-wachs\\\/#primaryimage\"},\"image\":{\"@id\":\"https:\\\/\\\/msc-werlte.de\\\/index.php\\\/clubfahrer\\\/timo-wachs\\\/#primaryimage\"},\"thumbnailUrl\":\"https:\\\/\\\/msc-werlte.de\\\/wp-content\\\/uploads\\\/2024\\\/04\\\/portrait-timo-wachs.jpeg\",\"datePublished\":\"2024-04-01T08:39:05+00:00\",\"dateModified\":\"2025-11-02T16:23:13+00:00\",\"breadcrumb\":{\"@id\":\"https:\\\/\\\/msc-werlte.de\\\/index.php\\\/clubfahrer\\\/timo-wachs\\\/#breadcrumb\"},\"inLanguage\":\"de\",\"potentialAction\":[{\"@type\":\"ReadAction\",\"target\":[\"https:\\\/\\\/msc-werlte.de\\\/index.php\\\/clubfahrer\\\/timo-wachs\\\/\"]}]},{\"@type\":\"ImageObject\",\"inLanguage\":\"de\",\"@id\":\"https:\\\/\\\/msc-werlte.de\\\/index.php\\\/clubfahrer\\\/timo-wachs\\\/#primaryimage\",\"url\":\"https:\\\/\\\/msc-werlte.de\\\/wp-content\\\/uploads\\\/2024\\\/04\\\/portrait-timo-wachs.jpeg\",\"contentUrl\":\"https:\\\/\\\/msc-werlte.de\\\/wp-content\\\/uploads\\\/2024\\\/04\\\/portrait-timo-wachs.jpeg\",\"width\":2484,\"height\":2524},{\"@type\":\"BreadcrumbList\",\"@id\":\"https:\\\/\\\/msc-werlte.de\\\/index.php\\\/clubfahrer\\\/timo-wachs\\\/#breadcrumb\",\"itemListElement\":[{\"@type\":\"ListItem\",\"position\":1,\"name\":\"Startseite\",\"item\":\"https:\\\/\\\/msc-werlte.de\\\/\"},{\"@type\":\"ListItem\",\"position\":2,\"name\":\"Clubfahrer\",\"item\":\"https:\\\/\\\/msc-werlte.de\\\/index.php\\\/clubfahrer\\\/\"},{\"@type\":\"ListItem\",\"position\":3,\"name\":\"Timo Wachs\"}]},{\"@type\":\"WebSite\",\"@id\":\"https:\\\/\\\/msc-werlte.de\\\/#website\",\"url\":\"https:\\\/\\\/msc-werlte.de\\\/\",\"name\":\"MSC H\u00fcmmling Werlte\",\"description\":\"\",\"publisher\":{\"@id\":\"https:\\\/\\\/msc-werlte.de\\\/#organization\"},\"potentialAction\":[{\"@type\":\"SearchAction\",\"target\":{\"@type\":\"EntryPoint\",\"urlTemplate\":\"https:\\\/\\\/msc-werlte.de\\\/?s={search_term_string}\"},\"query-input\":{\"@type\":\"PropertyValueSpecification\",\"valueRequired\":true,\"valueName\":\"search_term_string\"}}],\"inLanguage\":\"de\"},{\"@type\":\"Organization\",\"@id\":\"https:\\\/\\\/msc-werlte.de\\\/#organization\",\"name\":\"MSC H\u00fcmmling Werlte\",\"url\":\"https:\\\/\\\/msc-werlte.de\\\/\",\"logo\":{\"@type\":\"ImageObject\",\"inLanguage\":\"de\",\"@id\":\"https:\\\/\\\/msc-werlte.de\\\/#\\\/schema\\\/logo\\\/image\\\/\",\"url\":\"https:\\\/\\\/msc-werlte.de\\\/wp-content\\\/uploads\\\/2022\\\/10\\\/MSC-Werlte_329px_Final.png\",\"contentUrl\":\"https:\\\/\\\/msc-werlte.de\\\/wp-content\\\/uploads\\\/2022\\\/10\\\/MSC-Werlte_329px_Final.png\",\"width\":329,\"height\":329,\"caption\":\"MSC H\u00fcmmling Werlte\"},\"image\":{\"@id\":\"https:\\\/\\\/msc-werlte.de\\\/#\\\/schema\\\/logo\\\/image\\\/\"},\"sameAs\":[\"https:\\\/\\\/www.facebook.com\\\/MscHummlingWerlteEvImAdac\"]}]}<\/script>\n<!-- \/ Yoast SEO plugin. -->","yoast_head_json":{"title":"Timo Wachs - MSC H\u00fcmmling Werlte","robots":{"index":"index","follow":"follow","max-snippet":"max-snippet:-1","max-image-preview":"max-image-preview:large","max-video-preview":"max-video-preview:-1"},"canonical":"https:\/\/msc-werlte.de\/index.php\/clubfahrer\/timo-wachs\/","og_locale":"de_DE","og_type":"article","og_title":"Timo Wachs - MSC H\u00fcmmling Werlte","og_description":"Geburtstag: 24.02.2003 Wohnort: Werlte Hobbies: Sport und Motorsport im Allgemeinen Beruf: Konstruktionsmechaniker Lieblingsbahn(en): M\u00fchldorf, Werlte, Brokstedt Rennfahrer seit: 2008 Gr\u00f6\u00dfter Erfolg: Deutscher Langbahnmeister B-Lizenz Solo, 500ccm U23 Weltmeister 2025 Vereine: MSC Werlte, MSC Dohren, SC Neuenknick, MSC Brokstedt Erkennungsmerkmal: #677 Motivationsritual: Musik h\u00f6ren &nbsp; Homepage Timo Wachs: https:\/\/www.facebook.com\/WachsRacing\/?locale=de_DE &nbsp; &nbsp;","og_url":"https:\/\/msc-werlte.de\/index.php\/clubfahrer\/timo-wachs\/","og_site_name":"MSC H\u00fcmmling Werlte","article_publisher":"https:\/\/www.facebook.com\/MscHummlingWerlteEvImAdac","article_modified_time":"2025-11-02T16:23:13+00:00","og_image":[{"width":2484,"height":2524,"url":"https:\/\/msc-werlte.de\/wp-content\/uploads\/2024\/04\/portrait-timo-wachs.jpeg","type":"image\/jpeg"}],"twitter_card":"summary_large_image","twitter_misc":{"Gesch\u00e4tzte Lesezeit":"1\u00a0Minute"},"schema":{"@context":"https:\/\/schema.org","@graph":[{"@type":"WebPage","@id":"https:\/\/msc-werlte.de\/index.php\/clubfahrer\/timo-wachs\/","url":"https:\/\/msc-werlte.de\/index.php\/clubfahrer\/timo-wachs\/","name":"Timo Wachs - MSC H\u00fcmmling Werlte","isPartOf":{"@id":"https:\/\/msc-werlte.de\/#website"},"primaryImageOfPage":{"@id":"https:\/\/msc-werlte.de\/index.php\/clubfahrer\/timo-wachs\/#primaryimage"},"image":{"@id":"https:\/\/msc-werlte.de\/index.php\/clubfahrer\/timo-wachs\/#primaryimage"},"thumbnailUrl":"https:\/\/msc-werlte.de\/wp-content\/uploads\/2024\/04\/portrait-timo-wachs.jpeg","datePublished":"2024-04-01T08:39:05+00:00","dateModified":"2025-11-02T16:23:13+00:00","breadcrumb":{"@id":"https:\/\/msc-werlte.de\/index.php\/clubfahrer\/timo-wachs\/#breadcrumb"},"inLanguage":"de","potentialAction":[{"@type":"ReadAction","target":["https:\/\/msc-werlte.de\/index.php\/clubfahrer\/timo-wachs\/"]}]},{"@type":"ImageObject","inLanguage":"de","@id":"https:\/\/msc-werlte.de\/index.php\/clubfahrer\/timo-wachs\/#primaryimage","url":"https:\/\/msc-werlte.de\/wp-content\/uploads\/2024\/04\/portrait-timo-wachs.jpeg","contentUrl":"https:\/\/msc-werlte.de\/wp-content\/uploads\/2024\/04\/portrait-timo-wachs.jpeg","width":2484,"height":2524},{"@type":"BreadcrumbList","@id":"https:\/\/msc-werlte.de\/index.php\/clubfahrer\/timo-wachs\/#breadcrumb","itemListElement":[{"@type":"ListItem","position":1,"name":"Startseite","item":"https:\/\/msc-werlte.de\/"},{"@type":"ListItem","position":2,"name":"Clubfahrer","item":"https:\/\/msc-werlte.de\/index.php\/clubfahrer\/"},{"@type":"ListItem","position":3,"name":"Timo Wachs"}]},{"@type":"WebSite","@id":"https:\/\/msc-werlte.de\/#website","url":"https:\/\/msc-werlte.de\/","name":"MSC H\u00fcmmling Werlte","description":"","publisher":{"@id":"https:\/\/msc-werlte.de\/#organization"},"potentialAction":[{"@type":"SearchAction","target":{"@type":"EntryPoint","urlTemplate":"https:\/\/msc-werlte.de\/?s={search_term_string}"},"query-input":{"@type":"PropertyValueSpecification","valueRequired":true,"valueName":"search_term_string"}}],"inLanguage":"de"},{"@type":"Organization","@id":"https:\/\/msc-werlte.de\/#organization","name":"MSC H\u00fcmmling Werlte","url":"https:\/\/msc-werlte.de\/","logo":{"@type":"ImageObject","inLanguage":"de","@id":"https:\/\/msc-werlte.de\/#\/schema\/logo\/image\/","url":"https:\/\/msc-werlte.de\/wp-content\/uploads\/2022\/10\/MSC-Werlte_329px_Final.png","contentUrl":"https:\/\/msc-werlte.de\/wp-content\/uploads\/2022\/10\/MSC-Werlte_329px_Final.png","width":329,"height":329,"caption":"MSC H\u00fcmmling Werlte"},"image":{"@id":"https:\/\/msc-werlte.de\/#\/schema\/logo\/image\/"},"sameAs":["https:\/\/www.facebook.com\/MscHummlingWerlteEvImAdac"]}]}},"_links":{"self":[{"href":"https:\/\/msc-werlte.de\/index.php\/wp-json\/wp\/v2\/pages\/143","targetHints":{"allow":["GET"]}}],"collection":[{"href":"https:\/\/msc-werlte.de\/index.php\/wp-json\/wp\/v2\/pages"}],"about":[{"href":"https:\/\/msc-werlte.de\/index.php\/wp-json\/wp\/v2\/types\/page"}],"author":[{"embeddable":true,"href":"https:\/\/msc-werlte.de\/index.php\/wp-json\/wp\/v2\/users\/1"}],"replies":[{"embeddable":true,"href":"https:\/\/msc-werlte.de\/index.php\/wp-json\/wp\/v2\/comments?post=143"}],"version-history":[{"count":5,"href":"https:\/\/msc-werlte.de\/index.php\/wp-json\/wp\/v2\/pages\/143\/revisions"}],"predecessor-version":[{"id":1473,"href":"https:\/\/msc-werlte.de\/index.php\/wp-json\/wp\/v2\/pages\/143\/revisions\/1473"}],"up":[{"embeddable":true,"href":"https:\/\/msc-werlte.de\/index.php\/wp-json\/wp\/v2\/pages\/133"}],"wp:attachment":[{"href":"https:\/\/msc-werlte.de\/index.php\/wp-json\/wp\/v2\/media?parent=143"}],"curies":[{"name":"wp","href":"https:\/\/api.w.org\/{rel}","templated":true}]}}